{"id":11748,"date":"2018-09-12T11:55:16","date_gmt":"2018-09-12T09:55:16","guid":{"rendered":"http:\/\/elzbieta.org\/?page_id=11748"},"modified":"2019-08-17T11:50:52","modified_gmt":"2019-08-17T09:50:52","slug":"effatha-opis-projektu","status":"publish","type":"page","link":"http:\/\/elzbieta.org\/?page_id=11748","title":{"rendered":"Effatha. Opis projektu."},"content":{"rendered":"<p><img decoding=\"async\" loading=\"lazy\" class=\"aligncenter wp-image-11758\" src=\"http:\/\/elzbieta.org\/wp-content\/uploads\/2018\/09\/opis-EFFATHA-NA-WWW-str-1-204x300.jpg\" alt=\"\" height=\"1147\" width=\"780\" srcset=\"http:\/\/elzbieta.org\/wp-content\/uploads\/2018\/09\/opis-EFFATHA-NA-WWW-str-1-204x300.jpg 204w, http:\/\/elzbieta.org\/wp-content\/uploads\/2018\/09\/opis-EFFATHA-NA-WWW-str-1-768x1128.jpg 768w, http:\/\/elzbieta.org\/wp-content\/uploads\/2018\/09\/opis-EFFATHA-NA-WWW-str-1-697x1024.jpg 697w\" sizes=\"(max-width: 780px) 100vw, 780px\" \/><\/p>\n<p><img decoding=\"async\" loading=\"lazy\" class=\"aligncenter wp-image-11770\" src=\"http:\/\/elzbieta.org\/wp-content\/uploads\/2018\/09\/opis-EFFATHA-NA-WWW-str-2-217x300.jpg\" alt=\"\" height=\"1076\" width=\"778\" srcset=\"http:\/\/elzbieta.org\/wp-content\/uploads\/2018\/09\/opis-EFFATHA-NA-WWW-str-2-217x300.jpg 217w, http:\/\/elzbieta.org\/wp-content\/uploads\/2018\/09\/opis-EFFATHA-NA-WWW-str-2-768x1063.jpg 768w, http:\/\/elzbieta.org\/wp-content\/uploads\/2018\/09\/opis-EFFATHA-NA-WWW-str-2-740x1024.jpg 740w\" sizes=\"(max-width: 778px) 100vw, 778px\" \/><\/p>\n<p><img decoding=\"async\" loading=\"lazy\" class=\"aligncenter wp-image-11777\" src=\"http:\/\/elzbieta.org\/wp-content\/uploads\/2018\/09\/opis-EFFATHA-NA-WWW-str-3-212x300.jpg\" alt=\"\" height=\"1112\" width=\"786\" srcset=\"http:\/\/elzbieta.org\/wp-content\/uploads\/2018\/09\/opis-EFFATHA-NA-WWW-str-3-212x300.jpg 212w, http:\/\/elzbieta.org\/wp-content\/uploads\/2018\/09\/opis-EFFATHA-NA-WWW-str-3-768x1086.jpg 768w, http:\/\/elzbieta.org\/wp-content\/uploads\/2018\/09\/opis-EFFATHA-NA-WWW-str-3-724x1024.jpg 724w\" sizes=\"(max-width: 786px) 100vw, 786px\" \/><\/p>\n<p><img decoding=\"async\" loading=\"lazy\" class=\"aligncenter wp-image-11687\" src=\"http:\/\/elzbieta.org\/wp-content\/uploads\/2018\/09\/ULOTKI-PROMOCYJNE-EFFATHA-str-1-214x300.jpg\" alt=\"\" height=\"677\" width=\"483\" srcset=\"http:\/\/elzbieta.org\/wp-content\/uploads\/2018\/09\/ULOTKI-PROMOCYJNE-EFFATHA-str-1-214x300.jpg 214w, http:\/\/elzbieta.org\/wp-content\/uploads\/2018\/09\/ULOTKI-PROMOCYJNE-EFFATHA-str-1-729x1024.jpg 729w\" sizes=\"(max-width: 483px) 100vw, 483px\" \/><\/p>\n<p><img decoding=\"async\" loading=\"lazy\" class=\"aligncenter wp-image-11688\" src=\"http:\/\/elzbieta.org\/wp-content\/uploads\/2018\/09\/ULOTKI-PROMOCYJNE-EFFATHA-str-2-214x300.jpg\" alt=\"\" height=\"690\" width=\"492\" srcset=\"http:\/\/elzbieta.org\/wp-content\/uploads\/2018\/09\/ULOTKI-PROMOCYJNE-EFFATHA-str-2-214x300.jpg 214w, http:\/\/elzbieta.org\/wp-content\/uploads\/2018\/09\/ULOTKI-PROMOCYJNE-EFFATHA-str-2-768x1078.jpg 768w, http:\/\/elzbieta.org\/wp-content\/uploads\/2018\/09\/ULOTKI-PROMOCYJNE-EFFATHA-str-2-730x1024.jpg 730w, http:\/\/elzbieta.org\/wp-content\/uploads\/2018\/09\/ULOTKI-PROMOCYJNE-EFFATHA-str-2.jpg 1286w\" sizes=\"(max-width: 492px) 100vw, 492px\" \/><\/p>\n<p>&nbsp;<\/p>\n<p><a title=\"Zakoo\u0144czenie projektu\" href=\"http:\/\/elzbieta.org\/?p=13358\" target=\"_blank\" rel=\"nofollow noopener\">Zako\u0144czenie projektu &#8211; informacja. Otw\u00f3rz.<\/a><\/p>\n<p>&nbsp;<\/p>\n\n<div class=\"ngg-galleryoverview\" id=\"ngg-gallery-a30f305be54f292f143331bc1e9075d3-11748\">\n\n\t<!-- Slideshow link -->\n\t<div class=\"slideshowlink\">\n\t\t<a class=\"slideshowlink\" href=\"http:\/\/elzbieta.org\/index.php\/nggallery\/slideshow?page_id=11748\">\n\t\t\t&#091;Pokaz zdj\u0119\u0107&#093;\t\t<\/a>\n\t<\/div>\n\n\t<!-- Thumbnails -->\n    \t\t\n\t<div id=\"ngg-image-4434\" class=\"ngg-gallery-thumbnail-box\"  >\n\t\t<div class=\"ngg-gallery-thumbnail\" >\n\t\t\t<a href=\"http:\/\/elzbieta.org\/wp-content\/gallery\/eucharystie-dla-dzieci-2018-2019-effatha-otworz-sie\/rozpoczynmy-projekt-EFFATHA.JPG\"\n               title=\" \"\n               class=\"ngg-simplelightbox\" rel=\"a30f305be54f292f143331bc1e9075d3\" data-image-id=\"4434\" data-src=\"http:\/\/elzbieta.org\/wp-content\/gallery\/eucharystie-dla-dzieci-2018-2019-effatha-otworz-sie\/rozpoczynmy-projekt-EFFATHA.JPG\" data-thumbnail=\"http:\/\/elzbieta.org\/wp-content\/gallery\/eucharystie-dla-dzieci-2018-2019-effatha-otworz-sie\/thumbs\/thumbs_rozpoczynmy-projekt-EFFATHA.JPG\" data-title=\"rozpoczynmy projekt EFFATHA\" data-description=\" \" >\n\t\t\t\t\t\t\t\t<img title=\"rozpoczynmy projekt EFFATHA\" alt=\"rozpoczynmy projekt EFFATHA\" src=\"http:\/\/elzbieta.org\/wp-content\/gallery\/eucharystie-dla-dzieci-2018-2019-effatha-otworz-sie\/thumbs\/thumbs_rozpoczynmy-projekt-EFFATHA.JPG\" width='240' height='160' \/>\n\t\t\t\t\t\t\t<\/a>\n\t\t<\/div>\n\t<\/div>\n\n            \n \t\t\n\t<div id=\"ngg-image-4414\" class=\"ngg-gallery-thumbnail-box\"  >\n\t\t<div class=\"ngg-gallery-thumbnail\" >\n\t\t\t<a href=\"http:\/\/elzbieta.org\/wp-content\/gallery\/eucharystie-dla-dzieci-2018-2019-effatha-otworz-sie\/festy-na-rozpocz%C4%99cie-projektu-EFFATHA.JPG\"\n               title=\" \"\n               class=\"ngg-simplelightbox\" rel=\"a30f305be54f292f143331bc1e9075d3\" data-image-id=\"4414\" data-src=\"http:\/\/elzbieta.org\/wp-content\/gallery\/eucharystie-dla-dzieci-2018-2019-effatha-otworz-sie\/festy-na-rozpocz%C4%99cie-projektu-EFFATHA.JPG\" data-thumbnail=\"http:\/\/elzbieta.org\/wp-content\/gallery\/eucharystie-dla-dzieci-2018-2019-effatha-otworz-sie\/thumbs\/thumbs_festy-na-rozpocz%C4%99cie-projektu-EFFATHA.JPG\" data-title=\"festy na rozpocz\u0119cie projektu EFFATHA\" data-description=\" \" >\n\t\t\t\t\t\t\t\t<img title=\"festy na rozpocz\u0119cie projektu EFFATHA\" alt=\"festy na rozpocz\u0119cie projektu EFFATHA\" src=\"http:\/\/elzbieta.org\/wp-content\/gallery\/eucharystie-dla-dzieci-2018-2019-effatha-otworz-sie\/thumbs\/thumbs_festy-na-rozpocz%C4%99cie-projektu-EFFATHA.JPG\" width='240' height='160' \/>\n\t\t\t\t\t\t\t<\/a>\n\t\t<\/div>\n\t<\/div>\n\n            \n \t\t\n\t<div id=\"ngg-image-4415\" class=\"ngg-gallery-thumbnail-box\"  >\n\t\t<div class=\"ngg-gallery-thumbnail\" >\n\t\t\t<a href=\"http:\/\/elzbieta.org\/wp-content\/gallery\/eucharystie-dla-dzieci-2018-2019-effatha-otworz-sie\/festyn-na-rozpocz%C4%99cie-projektu-EFFATHA-2.JPG\"\n               title=\" \"\n               class=\"ngg-simplelightbox\" rel=\"a30f305be54f292f143331bc1e9075d3\" data-image-id=\"4415\" data-src=\"http:\/\/elzbieta.org\/wp-content\/gallery\/eucharystie-dla-dzieci-2018-2019-effatha-otworz-sie\/festyn-na-rozpocz%C4%99cie-projektu-EFFATHA-2.JPG\" data-thumbnail=\"http:\/\/elzbieta.org\/wp-content\/gallery\/eucharystie-dla-dzieci-2018-2019-effatha-otworz-sie\/thumbs\/thumbs_festyn-na-rozpocz%C4%99cie-projektu-EFFATHA-2.JPG\" data-title=\"festyn na rozpocz\u0119cie projektu EFFATHA (2)\" data-description=\" \" >\n\t\t\t\t\t\t\t\t<img title=\"festyn na rozpocz\u0119cie projektu EFFATHA (2)\" alt=\"festyn na rozpocz\u0119cie projektu EFFATHA (2)\" src=\"http:\/\/elzbieta.org\/wp-content\/gallery\/eucharystie-dla-dzieci-2018-2019-effatha-otworz-sie\/thumbs\/thumbs_festyn-na-rozpocz%C4%99cie-projektu-EFFATHA-2.JPG\" width='240' height='160' \/>\n\t\t\t\t\t\t\t<\/a>\n\t\t<\/div>\n\t<\/div>\n\n            \n \t\t\n\t<div id=\"ngg-image-4417\" class=\"ngg-gallery-thumbnail-box\"  >\n\t\t<div class=\"ngg-gallery-thumbnail\" >\n\t\t\t<a href=\"http:\/\/elzbieta.org\/wp-content\/gallery\/eucharystie-dla-dzieci-2018-2019-effatha-otworz-sie\/festyn-na-rozpocz%C4%99cie-projetu-EFFATHA.JPG\"\n               title=\" \"\n               class=\"ngg-simplelightbox\" rel=\"a30f305be54f292f143331bc1e9075d3\" data-image-id=\"4417\" data-src=\"http:\/\/elzbieta.org\/wp-content\/gallery\/eucharystie-dla-dzieci-2018-2019-effatha-otworz-sie\/festyn-na-rozpocz%C4%99cie-projetu-EFFATHA.JPG\" data-thumbnail=\"http:\/\/elzbieta.org\/wp-content\/gallery\/eucharystie-dla-dzieci-2018-2019-effatha-otworz-sie\/thumbs\/thumbs_festyn-na-rozpocz%C4%99cie-projetu-EFFATHA.JPG\" data-title=\"festyn na rozpocz\u0119cie projetu EFFATHA\" data-description=\" \" >\n\t\t\t\t\t\t\t\t<img title=\"festyn na rozpocz\u0119cie projetu EFFATHA\" alt=\"festyn na rozpocz\u0119cie projetu EFFATHA\" src=\"http:\/\/elzbieta.org\/wp-content\/gallery\/eucharystie-dla-dzieci-2018-2019-effatha-otworz-sie\/thumbs\/thumbs_festyn-na-rozpocz%C4%99cie-projetu-EFFATHA.JPG\" width='240' height='160' \/>\n\t\t\t\t\t\t\t<\/a>\n\t\t<\/div>\n\t<\/div>\n\n            \n \t\t\n\t<div id=\"ngg-image-4416\" class=\"ngg-gallery-thumbnail-box\"  >\n\t\t<div class=\"ngg-gallery-thumbnail\" >\n\t\t\t<a href=\"http:\/\/elzbieta.org\/wp-content\/gallery\/eucharystie-dla-dzieci-2018-2019-effatha-otworz-sie\/festyn-na-rozpocz%C4%99cie-projektu-EFFATHA.JPG\"\n               title=\" \"\n               class=\"ngg-simplelightbox\" rel=\"a30f305be54f292f143331bc1e9075d3\" data-image-id=\"4416\" data-src=\"http:\/\/elzbieta.org\/wp-content\/gallery\/eucharystie-dla-dzieci-2018-2019-effatha-otworz-sie\/festyn-na-rozpocz%C4%99cie-projektu-EFFATHA.JPG\" data-thumbnail=\"http:\/\/elzbieta.org\/wp-content\/gallery\/eucharystie-dla-dzieci-2018-2019-effatha-otworz-sie\/thumbs\/thumbs_festyn-na-rozpocz%C4%99cie-projektu-EFFATHA.JPG\" data-title=\"festyn na rozpocz\u0119cie projektu EFFATHA\" data-description=\" \" >\n\t\t\t\t\t\t\t\t<img title=\"festyn na rozpocz\u0119cie projektu EFFATHA\" alt=\"festyn na rozpocz\u0119cie projektu EFFATHA\" src=\"http:\/\/elzbieta.org\/wp-content\/gallery\/eucharystie-dla-dzieci-2018-2019-effatha-otworz-sie\/thumbs\/thumbs_festyn-na-rozpocz%C4%99cie-projektu-EFFATHA.JPG\" width='240' height='160' \/>\n\t\t\t\t\t\t\t<\/a>\n\t\t<\/div>\n\t<\/div>\n\n            \n \t\t\n\t<div id=\"ngg-image-4428\" class=\"ngg-gallery-thumbnail-box\"  >\n\t\t<div class=\"ngg-gallery-thumbnail\" >\n\t\t\t<a href=\"http:\/\/elzbieta.org\/wp-content\/gallery\/eucharystie-dla-dzieci-2018-2019-effatha-otworz-sie\/nasz-wdowi-grosz.jpg\"\n               title=\" \"\n               class=\"ngg-simplelightbox\" rel=\"a30f305be54f292f143331bc1e9075d3\" data-image-id=\"4428\" data-src=\"http:\/\/elzbieta.org\/wp-content\/gallery\/eucharystie-dla-dzieci-2018-2019-effatha-otworz-sie\/nasz-wdowi-grosz.jpg\" data-thumbnail=\"http:\/\/elzbieta.org\/wp-content\/gallery\/eucharystie-dla-dzieci-2018-2019-effatha-otworz-sie\/thumbs\/thumbs_nasz-wdowi-grosz.jpg\" data-title=\"nasz wdowi grosz\" data-description=\" \" >\n\t\t\t\t\t\t\t\t<img title=\"nasz wdowi grosz\" alt=\"nasz wdowi grosz\" src=\"http:\/\/elzbieta.org\/wp-content\/gallery\/eucharystie-dla-dzieci-2018-2019-effatha-otworz-sie\/thumbs\/thumbs_nasz-wdowi-grosz.jpg\" width='240' height='160' \/>\n\t\t\t\t\t\t\t<\/a>\n\t\t<\/div>\n\t<\/div>\n\n            \n \t\t\n\t<div id=\"ngg-image-4427\" class=\"ngg-gallery-thumbnail-box\"  >\n\t\t<div class=\"ngg-gallery-thumbnail\" >\n\t\t\t<a href=\"http:\/\/elzbieta.org\/wp-content\/gallery\/eucharystie-dla-dzieci-2018-2019-effatha-otworz-sie\/nasz-wdowi-grosz-3.jpg\"\n               title=\" \"\n               class=\"ngg-simplelightbox\" rel=\"a30f305be54f292f143331bc1e9075d3\" data-image-id=\"4427\" data-src=\"http:\/\/elzbieta.org\/wp-content\/gallery\/eucharystie-dla-dzieci-2018-2019-effatha-otworz-sie\/nasz-wdowi-grosz-3.jpg\" data-thumbnail=\"http:\/\/elzbieta.org\/wp-content\/gallery\/eucharystie-dla-dzieci-2018-2019-effatha-otworz-sie\/thumbs\/thumbs_nasz-wdowi-grosz-3.jpg\" data-title=\"nasz wdowi grosz (3)\" data-description=\" \" >\n\t\t\t\t\t\t\t\t<img title=\"nasz wdowi grosz (3)\" alt=\"nasz wdowi grosz (3)\" src=\"http:\/\/elzbieta.org\/wp-content\/gallery\/eucharystie-dla-dzieci-2018-2019-effatha-otworz-sie\/thumbs\/thumbs_nasz-wdowi-grosz-3.jpg\" width='240' height='160' \/>\n\t\t\t\t\t\t\t<\/a>\n\t\t<\/div>\n\t<\/div>\n\n            \n \t\t\n\t<div id=\"ngg-image-4426\" class=\"ngg-gallery-thumbnail-box\"  >\n\t\t<div class=\"ngg-gallery-thumbnail\" >\n\t\t\t<a href=\"http:\/\/elzbieta.org\/wp-content\/gallery\/eucharystie-dla-dzieci-2018-2019-effatha-otworz-sie\/nasz-wdowi-grosz-2.jpg\"\n               title=\" \"\n               class=\"ngg-simplelightbox\" rel=\"a30f305be54f292f143331bc1e9075d3\" data-image-id=\"4426\" data-src=\"http:\/\/elzbieta.org\/wp-content\/gallery\/eucharystie-dla-dzieci-2018-2019-effatha-otworz-sie\/nasz-wdowi-grosz-2.jpg\" data-thumbnail=\"http:\/\/elzbieta.org\/wp-content\/gallery\/eucharystie-dla-dzieci-2018-2019-effatha-otworz-sie\/thumbs\/thumbs_nasz-wdowi-grosz-2.jpg\" data-title=\"nasz wdowi grosz (2)\" data-description=\" \" >\n\t\t\t\t\t\t\t\t<img title=\"nasz wdowi grosz (2)\" alt=\"nasz wdowi grosz (2)\" src=\"http:\/\/elzbieta.org\/wp-content\/gallery\/eucharystie-dla-dzieci-2018-2019-effatha-otworz-sie\/thumbs\/thumbs_nasz-wdowi-grosz-2.jpg\" width='240' height='160' \/>\n\t\t\t\t\t\t\t<\/a>\n\t\t<\/div>\n\t<\/div>\n\n            \n \t\t\n\t<div id=\"ngg-image-4421\" class=\"ngg-gallery-thumbnail-box\"  >\n\t\t<div class=\"ngg-gallery-thumbnail\" >\n\t\t\t<a href=\"http:\/\/elzbieta.org\/wp-content\/gallery\/eucharystie-dla-dzieci-2018-2019-effatha-otworz-sie\/kr%C3%B3l-ziemski-i-Niebieski.jpg\"\n               title=\" \"\n               class=\"ngg-simplelightbox\" rel=\"a30f305be54f292f143331bc1e9075d3\" data-image-id=\"4421\" data-src=\"http:\/\/elzbieta.org\/wp-content\/gallery\/eucharystie-dla-dzieci-2018-2019-effatha-otworz-sie\/kr%C3%B3l-ziemski-i-Niebieski.jpg\" data-thumbnail=\"http:\/\/elzbieta.org\/wp-content\/gallery\/eucharystie-dla-dzieci-2018-2019-effatha-otworz-sie\/thumbs\/thumbs_kr%C3%B3l-ziemski-i-Niebieski.jpg\" data-title=\"kr\u00f3l ziemski i Niebieski\" data-description=\" \" >\n\t\t\t\t\t\t\t\t<img title=\"kr\u00f3l ziemski i Niebieski\" alt=\"kr\u00f3l ziemski i Niebieski\" src=\"http:\/\/elzbieta.org\/wp-content\/gallery\/eucharystie-dla-dzieci-2018-2019-effatha-otworz-sie\/thumbs\/thumbs_kr%C3%B3l-ziemski-i-Niebieski.jpg\" width='240' height='160' \/>\n\t\t\t\t\t\t\t<\/a>\n\t\t<\/div>\n\t<\/div>\n\n            \n \t\t\n\t<div id=\"ngg-image-4418\" class=\"ngg-gallery-thumbnail-box\"  >\n\t\t<div class=\"ngg-gallery-thumbnail\" >\n\t\t\t<a href=\"http:\/\/elzbieta.org\/wp-content\/gallery\/eucharystie-dla-dzieci-2018-2019-effatha-otworz-sie\/kr%C3%B3l-ziemski-i-Niebieski-2.jpg\"\n               title=\" \"\n               class=\"ngg-simplelightbox\" rel=\"a30f305be54f292f143331bc1e9075d3\" data-image-id=\"4418\" data-src=\"http:\/\/elzbieta.org\/wp-content\/gallery\/eucharystie-dla-dzieci-2018-2019-effatha-otworz-sie\/kr%C3%B3l-ziemski-i-Niebieski-2.jpg\" data-thumbnail=\"http:\/\/elzbieta.org\/wp-content\/gallery\/eucharystie-dla-dzieci-2018-2019-effatha-otworz-sie\/thumbs\/thumbs_kr%C3%B3l-ziemski-i-Niebieski-2.jpg\" data-title=\"kr\u00f3l ziemski i Niebieski (2)\" data-description=\" \" >\n\t\t\t\t\t\t\t\t<img title=\"kr\u00f3l ziemski i Niebieski (2)\" alt=\"kr\u00f3l ziemski i Niebieski (2)\" src=\"http:\/\/elzbieta.org\/wp-content\/gallery\/eucharystie-dla-dzieci-2018-2019-effatha-otworz-sie\/thumbs\/thumbs_kr%C3%B3l-ziemski-i-Niebieski-2.jpg\" width='240' height='160' \/>\n\t\t\t\t\t\t\t<\/a>\n\t\t<\/div>\n\t<\/div>\n\n            \n \t\t\n\t<div id=\"ngg-image-4420\" class=\"ngg-gallery-thumbnail-box\"  >\n\t\t<div class=\"ngg-gallery-thumbnail\" >\n\t\t\t<a href=\"http:\/\/elzbieta.org\/wp-content\/gallery\/eucharystie-dla-dzieci-2018-2019-effatha-otworz-sie\/kr%C3%B3l-ziemski-i-Niebieski-4.jpg\"\n               title=\" \"\n               class=\"ngg-simplelightbox\" rel=\"a30f305be54f292f143331bc1e9075d3\" data-image-id=\"4420\" data-src=\"http:\/\/elzbieta.org\/wp-content\/gallery\/eucharystie-dla-dzieci-2018-2019-effatha-otworz-sie\/kr%C3%B3l-ziemski-i-Niebieski-4.jpg\" data-thumbnail=\"http:\/\/elzbieta.org\/wp-content\/gallery\/eucharystie-dla-dzieci-2018-2019-effatha-otworz-sie\/thumbs\/thumbs_kr%C3%B3l-ziemski-i-Niebieski-4.jpg\" data-title=\"kr\u00f3l ziemski i Niebieski (4)\" data-description=\" \" >\n\t\t\t\t\t\t\t\t<img title=\"kr\u00f3l ziemski i Niebieski (4)\" alt=\"kr\u00f3l ziemski i Niebieski (4)\" src=\"http:\/\/elzbieta.org\/wp-content\/gallery\/eucharystie-dla-dzieci-2018-2019-effatha-otworz-sie\/thumbs\/thumbs_kr%C3%B3l-ziemski-i-Niebieski-4.jpg\" width='240' height='160' \/>\n\t\t\t\t\t\t\t<\/a>\n\t\t<\/div>\n\t<\/div>\n\n            \n \t\t\n\t<div id=\"ngg-image-4419\" class=\"ngg-gallery-thumbnail-box\"  >\n\t\t<div class=\"ngg-gallery-thumbnail\" >\n\t\t\t<a href=\"http:\/\/elzbieta.org\/wp-content\/gallery\/eucharystie-dla-dzieci-2018-2019-effatha-otworz-sie\/kr%C3%B3l-ziemski-i-Niebieski-3.jpg\"\n               title=\" \"\n               class=\"ngg-simplelightbox\" rel=\"a30f305be54f292f143331bc1e9075d3\" data-image-id=\"4419\" data-src=\"http:\/\/elzbieta.org\/wp-content\/gallery\/eucharystie-dla-dzieci-2018-2019-effatha-otworz-sie\/kr%C3%B3l-ziemski-i-Niebieski-3.jpg\" data-thumbnail=\"http:\/\/elzbieta.org\/wp-content\/gallery\/eucharystie-dla-dzieci-2018-2019-effatha-otworz-sie\/thumbs\/thumbs_kr%C3%B3l-ziemski-i-Niebieski-3.jpg\" data-title=\"kr\u00f3l ziemski i Niebieski (3)\" data-description=\" \" >\n\t\t\t\t\t\t\t\t<img title=\"kr\u00f3l ziemski i Niebieski (3)\" alt=\"kr\u00f3l ziemski i Niebieski (3)\" src=\"http:\/\/elzbieta.org\/wp-content\/gallery\/eucharystie-dla-dzieci-2018-2019-effatha-otworz-sie\/thumbs\/thumbs_kr%C3%B3l-ziemski-i-Niebieski-3.jpg\" width='240' height='160' \/>\n\t\t\t\t\t\t\t<\/a>\n\t\t<\/div>\n\t<\/div>\n\n            \n \t\t\n\t<div id=\"ngg-image-4412\" class=\"ngg-gallery-thumbnail-box\"  >\n\t\t<div class=\"ngg-gallery-thumbnail\" >\n\t\t\t<a href=\"http:\/\/elzbieta.org\/wp-content\/gallery\/eucharystie-dla-dzieci-2018-2019-effatha-otworz-sie\/czy-zamienimy-wod%C4%99-w-wino-5.jpg\"\n               title=\" \"\n               class=\"ngg-simplelightbox\" rel=\"a30f305be54f292f143331bc1e9075d3\" data-image-id=\"4412\" data-src=\"http:\/\/elzbieta.org\/wp-content\/gallery\/eucharystie-dla-dzieci-2018-2019-effatha-otworz-sie\/czy-zamienimy-wod%C4%99-w-wino-5.jpg\" data-thumbnail=\"http:\/\/elzbieta.org\/wp-content\/gallery\/eucharystie-dla-dzieci-2018-2019-effatha-otworz-sie\/thumbs\/thumbs_czy-zamienimy-wod%C4%99-w-wino-5.jpg\" data-title=\"czy zamienimy wod\u0119 w wino (5)\" data-description=\" \" >\n\t\t\t\t\t\t\t\t<img title=\"czy zamienimy wod\u0119 w wino (5)\" alt=\"czy zamienimy wod\u0119 w wino (5)\" src=\"http:\/\/elzbieta.org\/wp-content\/gallery\/eucharystie-dla-dzieci-2018-2019-effatha-otworz-sie\/thumbs\/thumbs_czy-zamienimy-wod%C4%99-w-wino-5.jpg\" width='240' height='160' \/>\n\t\t\t\t\t\t\t<\/a>\n\t\t<\/div>\n\t<\/div>\n\n            \n \t\t\n\t<div id=\"ngg-image-4413\" class=\"ngg-gallery-thumbnail-box\"  >\n\t\t<div class=\"ngg-gallery-thumbnail\" >\n\t\t\t<a href=\"http:\/\/elzbieta.org\/wp-content\/gallery\/eucharystie-dla-dzieci-2018-2019-effatha-otworz-sie\/czy-zamienimy-wod%C4%99-w-wino.jpg\"\n               title=\" \"\n               class=\"ngg-simplelightbox\" rel=\"a30f305be54f292f143331bc1e9075d3\" data-image-id=\"4413\" data-src=\"http:\/\/elzbieta.org\/wp-content\/gallery\/eucharystie-dla-dzieci-2018-2019-effatha-otworz-sie\/czy-zamienimy-wod%C4%99-w-wino.jpg\" data-thumbnail=\"http:\/\/elzbieta.org\/wp-content\/gallery\/eucharystie-dla-dzieci-2018-2019-effatha-otworz-sie\/thumbs\/thumbs_czy-zamienimy-wod%C4%99-w-wino.jpg\" data-title=\"czy zamienimy wod\u0119 w wino\" data-description=\" \" >\n\t\t\t\t\t\t\t\t<img title=\"czy zamienimy wod\u0119 w wino\" alt=\"czy zamienimy wod\u0119 w wino\" src=\"http:\/\/elzbieta.org\/wp-content\/gallery\/eucharystie-dla-dzieci-2018-2019-effatha-otworz-sie\/thumbs\/thumbs_czy-zamienimy-wod%C4%99-w-wino.jpg\" width='240' height='160' \/>\n\t\t\t\t\t\t\t<\/a>\n\t\t<\/div>\n\t<\/div>\n\n            \n \t\t\n\t<div id=\"ngg-image-4410\" class=\"ngg-gallery-thumbnail-box\"  >\n\t\t<div class=\"ngg-gallery-thumbnail\" >\n\t\t\t<a href=\"http:\/\/elzbieta.org\/wp-content\/gallery\/eucharystie-dla-dzieci-2018-2019-effatha-otworz-sie\/czy-zamienimy-wod%C4%99-w-wino-3.jpg\"\n               title=\" \"\n               class=\"ngg-simplelightbox\" rel=\"a30f305be54f292f143331bc1e9075d3\" data-image-id=\"4410\" data-src=\"http:\/\/elzbieta.org\/wp-content\/gallery\/eucharystie-dla-dzieci-2018-2019-effatha-otworz-sie\/czy-zamienimy-wod%C4%99-w-wino-3.jpg\" data-thumbnail=\"http:\/\/elzbieta.org\/wp-content\/gallery\/eucharystie-dla-dzieci-2018-2019-effatha-otworz-sie\/thumbs\/thumbs_czy-zamienimy-wod%C4%99-w-wino-3.jpg\" data-title=\"czy zamienimy wod\u0119 w wino (3)\" data-description=\" \" >\n\t\t\t\t\t\t\t\t<img title=\"czy zamienimy wod\u0119 w wino (3)\" alt=\"czy zamienimy wod\u0119 w wino (3)\" src=\"http:\/\/elzbieta.org\/wp-content\/gallery\/eucharystie-dla-dzieci-2018-2019-effatha-otworz-sie\/thumbs\/thumbs_czy-zamienimy-wod%C4%99-w-wino-3.jpg\" width='240' height='160' \/>\n\t\t\t\t\t\t\t<\/a>\n\t\t<\/div>\n\t<\/div>\n\n            \n \t\t\n\t<div id=\"ngg-image-4411\" class=\"ngg-gallery-thumbnail-box\"  >\n\t\t<div class=\"ngg-gallery-thumbnail\" >\n\t\t\t<a href=\"http:\/\/elzbieta.org\/wp-content\/gallery\/eucharystie-dla-dzieci-2018-2019-effatha-otworz-sie\/czy-zamienimy-wod%C4%99-w-wino-4.jpg\"\n               title=\" \"\n               class=\"ngg-simplelightbox\" rel=\"a30f305be54f292f143331bc1e9075d3\" data-image-id=\"4411\" data-src=\"http:\/\/elzbieta.org\/wp-content\/gallery\/eucharystie-dla-dzieci-2018-2019-effatha-otworz-sie\/czy-zamienimy-wod%C4%99-w-wino-4.jpg\" data-thumbnail=\"http:\/\/elzbieta.org\/wp-content\/gallery\/eucharystie-dla-dzieci-2018-2019-effatha-otworz-sie\/thumbs\/thumbs_czy-zamienimy-wod%C4%99-w-wino-4.jpg\" data-title=\"czy zamienimy wod\u0119 w wino (4)\" data-description=\" \" >\n\t\t\t\t\t\t\t\t<img title=\"czy zamienimy wod\u0119 w wino (4)\" alt=\"czy zamienimy wod\u0119 w wino (4)\" src=\"http:\/\/elzbieta.org\/wp-content\/gallery\/eucharystie-dla-dzieci-2018-2019-effatha-otworz-sie\/thumbs\/thumbs_czy-zamienimy-wod%C4%99-w-wino-4.jpg\" width='240' height='160' \/>\n\t\t\t\t\t\t\t<\/a>\n\t\t<\/div>\n\t<\/div>\n\n            \n \t\t\n\t<div id=\"ngg-image-4409\" class=\"ngg-gallery-thumbnail-box\"  >\n\t\t<div class=\"ngg-gallery-thumbnail\" >\n\t\t\t<a href=\"http:\/\/elzbieta.org\/wp-content\/gallery\/eucharystie-dla-dzieci-2018-2019-effatha-otworz-sie\/czy-zamienimy-wod%C4%99-w-wino-2.jpg\"\n               title=\" \"\n               class=\"ngg-simplelightbox\" rel=\"a30f305be54f292f143331bc1e9075d3\" data-image-id=\"4409\" data-src=\"http:\/\/elzbieta.org\/wp-content\/gallery\/eucharystie-dla-dzieci-2018-2019-effatha-otworz-sie\/czy-zamienimy-wod%C4%99-w-wino-2.jpg\" data-thumbnail=\"http:\/\/elzbieta.org\/wp-content\/gallery\/eucharystie-dla-dzieci-2018-2019-effatha-otworz-sie\/thumbs\/thumbs_czy-zamienimy-wod%C4%99-w-wino-2.jpg\" data-title=\"czy zamienimy wod\u0119 w wino (2)\" data-description=\" \" >\n\t\t\t\t\t\t\t\t<img title=\"czy zamienimy wod\u0119 w wino (2)\" alt=\"czy zamienimy wod\u0119 w wino (2)\" src=\"http:\/\/elzbieta.org\/wp-content\/gallery\/eucharystie-dla-dzieci-2018-2019-effatha-otworz-sie\/thumbs\/thumbs_czy-zamienimy-wod%C4%99-w-wino-2.jpg\" width='240' height='160' \/>\n\t\t\t\t\t\t\t<\/a>\n\t\t<\/div>\n\t<\/div>\n\n            \n \t\t\n\t<div id=\"ngg-image-4432\" class=\"ngg-gallery-thumbnail-box\"  >\n\t\t<div class=\"ngg-gallery-thumbnail\" >\n\t\t\t<a href=\"http:\/\/elzbieta.org\/wp-content\/gallery\/eucharystie-dla-dzieci-2018-2019-effatha-otworz-sie\/prostowa%C4%87-drog%C4%99.jpg\"\n               title=\" \"\n               class=\"ngg-simplelightbox\" rel=\"a30f305be54f292f143331bc1e9075d3\" data-image-id=\"4432\" data-src=\"http:\/\/elzbieta.org\/wp-content\/gallery\/eucharystie-dla-dzieci-2018-2019-effatha-otworz-sie\/prostowa%C4%87-drog%C4%99.jpg\" data-thumbnail=\"http:\/\/elzbieta.org\/wp-content\/gallery\/eucharystie-dla-dzieci-2018-2019-effatha-otworz-sie\/thumbs\/thumbs_prostowa%C4%87-drog%C4%99.jpg\" data-title=\"prostowa\u0107 drog\u0119\" data-description=\" \" >\n\t\t\t\t\t\t\t\t<img title=\"prostowa\u0107 drog\u0119\" alt=\"prostowa\u0107 drog\u0119\" src=\"http:\/\/elzbieta.org\/wp-content\/gallery\/eucharystie-dla-dzieci-2018-2019-effatha-otworz-sie\/thumbs\/thumbs_prostowa%C4%87-drog%C4%99.jpg\" width='240' height='160' \/>\n\t\t\t\t\t\t\t<\/a>\n\t\t<\/div>\n\t<\/div>\n\n            \n \t\t\n\t<div id=\"ngg-image-4433\" class=\"ngg-gallery-thumbnail-box\"  >\n\t\t<div class=\"ngg-gallery-thumbnail\" >\n\t\t\t<a href=\"http:\/\/elzbieta.org\/wp-content\/gallery\/eucharystie-dla-dzieci-2018-2019-effatha-otworz-sie\/prostujmy-drog%C4%99.jpg\"\n               title=\" \"\n               class=\"ngg-simplelightbox\" rel=\"a30f305be54f292f143331bc1e9075d3\" data-image-id=\"4433\" data-src=\"http:\/\/elzbieta.org\/wp-content\/gallery\/eucharystie-dla-dzieci-2018-2019-effatha-otworz-sie\/prostujmy-drog%C4%99.jpg\" data-thumbnail=\"http:\/\/elzbieta.org\/wp-content\/gallery\/eucharystie-dla-dzieci-2018-2019-effatha-otworz-sie\/thumbs\/thumbs_prostujmy-drog%C4%99.jpg\" data-title=\"prostujmy drog\u0119\" data-description=\" \" >\n\t\t\t\t\t\t\t\t<img title=\"prostujmy drog\u0119\" alt=\"prostujmy drog\u0119\" src=\"http:\/\/elzbieta.org\/wp-content\/gallery\/eucharystie-dla-dzieci-2018-2019-effatha-otworz-sie\/thumbs\/thumbs_prostujmy-drog%C4%99.jpg\" width='240' height='160' \/>\n\t\t\t\t\t\t\t<\/a>\n\t\t<\/div>\n\t<\/div>\n\n            \n \t\t\n\t<div id=\"ngg-image-4425\" class=\"ngg-gallery-thumbnail-box\"  >\n\t\t<div class=\"ngg-gallery-thumbnail\" >\n\t\t\t<a href=\"http:\/\/elzbieta.org\/wp-content\/gallery\/eucharystie-dla-dzieci-2018-2019-effatha-otworz-sie\/nad-Jordanem.jpg\"\n               title=\" \"\n               class=\"ngg-simplelightbox\" rel=\"a30f305be54f292f143331bc1e9075d3\" data-image-id=\"4425\" data-src=\"http:\/\/elzbieta.org\/wp-content\/gallery\/eucharystie-dla-dzieci-2018-2019-effatha-otworz-sie\/nad-Jordanem.jpg\" data-thumbnail=\"http:\/\/elzbieta.org\/wp-content\/gallery\/eucharystie-dla-dzieci-2018-2019-effatha-otworz-sie\/thumbs\/thumbs_nad-Jordanem.jpg\" data-title=\"nad Jordanem\" data-description=\" \" >\n\t\t\t\t\t\t\t\t<img title=\"nad Jordanem\" alt=\"nad Jordanem\" src=\"http:\/\/elzbieta.org\/wp-content\/gallery\/eucharystie-dla-dzieci-2018-2019-effatha-otworz-sie\/thumbs\/thumbs_nad-Jordanem.jpg\" width='240' height='160' \/>\n\t\t\t\t\t\t\t<\/a>\n\t\t<\/div>\n\t<\/div>\n\n            \n \t\t\n\t<div id=\"ngg-image-4408\" class=\"ngg-gallery-thumbnail-box\"  >\n\t\t<div class=\"ngg-gallery-thumbnail\" >\n\t\t\t<a href=\"http:\/\/elzbieta.org\/wp-content\/gallery\/eucharystie-dla-dzieci-2018-2019-effatha-otworz-sie\/cudowny-po%C5%82%C3%B3w.JPG\"\n               title=\" \"\n               class=\"ngg-simplelightbox\" rel=\"a30f305be54f292f143331bc1e9075d3\" data-image-id=\"4408\" data-src=\"http:\/\/elzbieta.org\/wp-content\/gallery\/eucharystie-dla-dzieci-2018-2019-effatha-otworz-sie\/cudowny-po%C5%82%C3%B3w.JPG\" data-thumbnail=\"http:\/\/elzbieta.org\/wp-content\/gallery\/eucharystie-dla-dzieci-2018-2019-effatha-otworz-sie\/thumbs\/thumbs_cudowny-po%C5%82%C3%B3w.JPG\" data-title=\"cudowny po\u0142\u00f3w\" data-description=\" \" >\n\t\t\t\t\t\t\t\t<img title=\"cudowny po\u0142\u00f3w\" alt=\"cudowny po\u0142\u00f3w\" src=\"http:\/\/elzbieta.org\/wp-content\/gallery\/eucharystie-dla-dzieci-2018-2019-effatha-otworz-sie\/thumbs\/thumbs_cudowny-po%C5%82%C3%B3w.JPG\" width='240' height='160' \/>\n\t\t\t\t\t\t\t<\/a>\n\t\t<\/div>\n\t<\/div>\n\n            \n \t\t\n\t<div id=\"ngg-image-4424\" class=\"ngg-gallery-thumbnail-box\"  >\n\t\t<div class=\"ngg-gallery-thumbnail\" >\n\t\t\t<a href=\"http:\/\/elzbieta.org\/wp-content\/gallery\/eucharystie-dla-dzieci-2018-2019-effatha-otworz-sie\/na-kogo-czeka-wielka-nagroda.JPG\"\n               title=\" \"\n               class=\"ngg-simplelightbox\" rel=\"a30f305be54f292f143331bc1e9075d3\" data-image-id=\"4424\" data-src=\"http:\/\/elzbieta.org\/wp-content\/gallery\/eucharystie-dla-dzieci-2018-2019-effatha-otworz-sie\/na-kogo-czeka-wielka-nagroda.JPG\" data-thumbnail=\"http:\/\/elzbieta.org\/wp-content\/gallery\/eucharystie-dla-dzieci-2018-2019-effatha-otworz-sie\/thumbs\/thumbs_na-kogo-czeka-wielka-nagroda.JPG\" data-title=\"na kogo czeka wielka nagroda\" data-description=\" \" >\n\t\t\t\t\t\t\t\t<img title=\"na kogo czeka wielka nagroda\" alt=\"na kogo czeka wielka nagroda\" src=\"http:\/\/elzbieta.org\/wp-content\/gallery\/eucharystie-dla-dzieci-2018-2019-effatha-otworz-sie\/thumbs\/thumbs_na-kogo-czeka-wielka-nagroda.JPG\" width='240' height='160' \/>\n\t\t\t\t\t\t\t<\/a>\n\t\t<\/div>\n\t<\/div>\n\n            \n \t\t\n\t<div id=\"ngg-image-4407\" class=\"ngg-gallery-thumbnail-box\"  >\n\t\t<div class=\"ngg-gallery-thumbnail\" >\n\t\t\t<a href=\"http:\/\/elzbieta.org\/wp-content\/gallery\/eucharystie-dla-dzieci-2018-2019-effatha-otworz-sie\/b%C5%82ogos%C5%82awieni-czyli-szcz%C4%99%C5%9Bliwi.JPG\"\n               title=\" \"\n               class=\"ngg-simplelightbox\" rel=\"a30f305be54f292f143331bc1e9075d3\" data-image-id=\"4407\" data-src=\"http:\/\/elzbieta.org\/wp-content\/gallery\/eucharystie-dla-dzieci-2018-2019-effatha-otworz-sie\/b%C5%82ogos%C5%82awieni-czyli-szcz%C4%99%C5%9Bliwi.JPG\" data-thumbnail=\"http:\/\/elzbieta.org\/wp-content\/gallery\/eucharystie-dla-dzieci-2018-2019-effatha-otworz-sie\/thumbs\/thumbs_b%C5%82ogos%C5%82awieni-czyli-szcz%C4%99%C5%9Bliwi.JPG\" data-title=\"b\u0142ogos\u0142awieni czyli szcz\u0119\u015bliwi\" data-description=\" \" >\n\t\t\t\t\t\t\t\t<img title=\"b\u0142ogos\u0142awieni czyli szcz\u0119\u015bliwi\" alt=\"b\u0142ogos\u0142awieni czyli szcz\u0119\u015bliwi\" src=\"http:\/\/elzbieta.org\/wp-content\/gallery\/eucharystie-dla-dzieci-2018-2019-effatha-otworz-sie\/thumbs\/thumbs_b%C5%82ogos%C5%82awieni-czyli-szcz%C4%99%C5%9Bliwi.JPG\" width='240' height='160' \/>\n\t\t\t\t\t\t\t<\/a>\n\t\t<\/div>\n\t<\/div>\n\n            \n \t\t\n\t<div id=\"ngg-image-4404\" class=\"ngg-gallery-thumbnail-box\"  >\n\t\t<div class=\"ngg-gallery-thumbnail\" >\n\t\t\t<a href=\"http:\/\/elzbieta.org\/wp-content\/gallery\/eucharystie-dla-dzieci-2018-2019-effatha-otworz-sie\/b%C5%82ogos%C5%82awieni-czyli-szcz%C4%99%C5%9Bliwi-2.JPG\"\n               title=\" \"\n               class=\"ngg-simplelightbox\" rel=\"a30f305be54f292f143331bc1e9075d3\" data-image-id=\"4404\" data-src=\"http:\/\/elzbieta.org\/wp-content\/gallery\/eucharystie-dla-dzieci-2018-2019-effatha-otworz-sie\/b%C5%82ogos%C5%82awieni-czyli-szcz%C4%99%C5%9Bliwi-2.JPG\" data-thumbnail=\"http:\/\/elzbieta.org\/wp-content\/gallery\/eucharystie-dla-dzieci-2018-2019-effatha-otworz-sie\/thumbs\/thumbs_b%C5%82ogos%C5%82awieni-czyli-szcz%C4%99%C5%9Bliwi-2.JPG\" data-title=\"b\u0142ogos\u0142awieni czyli szcz\u0119\u015bliwi (2)\" data-description=\" \" >\n\t\t\t\t\t\t\t\t<img title=\"b\u0142ogos\u0142awieni czyli szcz\u0119\u015bliwi (2)\" alt=\"b\u0142ogos\u0142awieni czyli szcz\u0119\u015bliwi (2)\" src=\"http:\/\/elzbieta.org\/wp-content\/gallery\/eucharystie-dla-dzieci-2018-2019-effatha-otworz-sie\/thumbs\/thumbs_b%C5%82ogos%C5%82awieni-czyli-szcz%C4%99%C5%9Bliwi-2.JPG\" width='240' height='160' \/>\n\t\t\t\t\t\t\t<\/a>\n\t\t<\/div>\n\t<\/div>\n\n            \n \t\t\n\t<div id=\"ngg-image-4405\" class=\"ngg-gallery-thumbnail-box\"  >\n\t\t<div class=\"ngg-gallery-thumbnail\" >\n\t\t\t<a href=\"http:\/\/elzbieta.org\/wp-content\/gallery\/eucharystie-dla-dzieci-2018-2019-effatha-otworz-sie\/b%C5%82ogos%C5%82awieni-czyli-szcz%C4%99%C5%9Bliwi-3.JPG\"\n               title=\" \"\n               class=\"ngg-simplelightbox\" rel=\"a30f305be54f292f143331bc1e9075d3\" data-image-id=\"4405\" data-src=\"http:\/\/elzbieta.org\/wp-content\/gallery\/eucharystie-dla-dzieci-2018-2019-effatha-otworz-sie\/b%C5%82ogos%C5%82awieni-czyli-szcz%C4%99%C5%9Bliwi-3.JPG\" data-thumbnail=\"http:\/\/elzbieta.org\/wp-content\/gallery\/eucharystie-dla-dzieci-2018-2019-effatha-otworz-sie\/thumbs\/thumbs_b%C5%82ogos%C5%82awieni-czyli-szcz%C4%99%C5%9Bliwi-3.JPG\" data-title=\"b\u0142ogos\u0142awieni czyli szcz\u0119\u015bliwi (3)\" data-description=\" \" >\n\t\t\t\t\t\t\t\t<img title=\"b\u0142ogos\u0142awieni czyli szcz\u0119\u015bliwi (3)\" alt=\"b\u0142ogos\u0142awieni czyli szcz\u0119\u015bliwi (3)\" src=\"http:\/\/elzbieta.org\/wp-content\/gallery\/eucharystie-dla-dzieci-2018-2019-effatha-otworz-sie\/thumbs\/thumbs_b%C5%82ogos%C5%82awieni-czyli-szcz%C4%99%C5%9Bliwi-3.JPG\" width='240' height='160' \/>\n\t\t\t\t\t\t\t<\/a>\n\t\t<\/div>\n\t<\/div>\n\n            \n \t\t\n\t<div id=\"ngg-image-4406\" class=\"ngg-gallery-thumbnail-box\"  >\n\t\t<div class=\"ngg-gallery-thumbnail\" >\n\t\t\t<a href=\"http:\/\/elzbieta.org\/wp-content\/gallery\/eucharystie-dla-dzieci-2018-2019-effatha-otworz-sie\/b%C5%82ogos%C5%82awieni-czyli-szcz%C4%99%C5%9Bliwi-4.JPG\"\n               title=\" \"\n               class=\"ngg-simplelightbox\" rel=\"a30f305be54f292f143331bc1e9075d3\" data-image-id=\"4406\" data-src=\"http:\/\/elzbieta.org\/wp-content\/gallery\/eucharystie-dla-dzieci-2018-2019-effatha-otworz-sie\/b%C5%82ogos%C5%82awieni-czyli-szcz%C4%99%C5%9Bliwi-4.JPG\" data-thumbnail=\"http:\/\/elzbieta.org\/wp-content\/gallery\/eucharystie-dla-dzieci-2018-2019-effatha-otworz-sie\/thumbs\/thumbs_b%C5%82ogos%C5%82awieni-czyli-szcz%C4%99%C5%9Bliwi-4.JPG\" data-title=\"b\u0142ogos\u0142awieni czyli szcz\u0119\u015bliwi (4)\" data-description=\" \" >\n\t\t\t\t\t\t\t\t<img title=\"b\u0142ogos\u0142awieni czyli szcz\u0119\u015bliwi (4)\" alt=\"b\u0142ogos\u0142awieni czyli szcz\u0119\u015bliwi (4)\" src=\"http:\/\/elzbieta.org\/wp-content\/gallery\/eucharystie-dla-dzieci-2018-2019-effatha-otworz-sie\/thumbs\/thumbs_b%C5%82ogos%C5%82awieni-czyli-szcz%C4%99%C5%9Bliwi-4.JPG\" width='240' height='160' \/>\n\t\t\t\t\t\t\t<\/a>\n\t\t<\/div>\n\t<\/div>\n\n            \n \t\t\n\t<div id=\"ngg-image-4422\" class=\"ngg-gallery-thumbnail-box\"  >\n\t\t<div class=\"ngg-gallery-thumbnail\" >\n\t\t\t<a href=\"http:\/\/elzbieta.org\/wp-content\/gallery\/eucharystie-dla-dzieci-2018-2019-effatha-otworz-sie\/na-G%C3%B3rze-Tabor-2.jpg\"\n               title=\" \"\n               class=\"ngg-simplelightbox\" rel=\"a30f305be54f292f143331bc1e9075d3\" data-image-id=\"4422\" data-src=\"http:\/\/elzbieta.org\/wp-content\/gallery\/eucharystie-dla-dzieci-2018-2019-effatha-otworz-sie\/na-G%C3%B3rze-Tabor-2.jpg\" data-thumbnail=\"http:\/\/elzbieta.org\/wp-content\/gallery\/eucharystie-dla-dzieci-2018-2019-effatha-otworz-sie\/thumbs\/thumbs_na-G%C3%B3rze-Tabor-2.jpg\" data-title=\"na G\u00f3rze Tabor (2)\" data-description=\" \" >\n\t\t\t\t\t\t\t\t<img title=\"na G\u00f3rze Tabor (2)\" alt=\"na G\u00f3rze Tabor (2)\" src=\"http:\/\/elzbieta.org\/wp-content\/gallery\/eucharystie-dla-dzieci-2018-2019-effatha-otworz-sie\/thumbs\/thumbs_na-G%C3%B3rze-Tabor-2.jpg\" width='240' height='160' \/>\n\t\t\t\t\t\t\t<\/a>\n\t\t<\/div>\n\t<\/div>\n\n            \n \t\t\n\t<div id=\"ngg-image-4423\" class=\"ngg-gallery-thumbnail-box\"  >\n\t\t<div class=\"ngg-gallery-thumbnail\" >\n\t\t\t<a href=\"http:\/\/elzbieta.org\/wp-content\/gallery\/eucharystie-dla-dzieci-2018-2019-effatha-otworz-sie\/na-G%C3%B3rze-Tabor.jpg\"\n               title=\" \"\n               class=\"ngg-simplelightbox\" rel=\"a30f305be54f292f143331bc1e9075d3\" data-image-id=\"4423\" data-src=\"http:\/\/elzbieta.org\/wp-content\/gallery\/eucharystie-dla-dzieci-2018-2019-effatha-otworz-sie\/na-G%C3%B3rze-Tabor.jpg\" data-thumbnail=\"http:\/\/elzbieta.org\/wp-content\/gallery\/eucharystie-dla-dzieci-2018-2019-effatha-otworz-sie\/thumbs\/thumbs_na-G%C3%B3rze-Tabor.jpg\" data-title=\"na G\u00f3rze Tabor\" data-description=\" \" >\n\t\t\t\t\t\t\t\t<img title=\"na G\u00f3rze Tabor\" alt=\"na G\u00f3rze Tabor\" src=\"http:\/\/elzbieta.org\/wp-content\/gallery\/eucharystie-dla-dzieci-2018-2019-effatha-otworz-sie\/thumbs\/thumbs_na-G%C3%B3rze-Tabor.jpg\" width='240' height='160' \/>\n\t\t\t\t\t\t\t<\/a>\n\t\t<\/div>\n\t<\/div>\n\n            \n \t\t\n\t<div id=\"ngg-image-4431\" class=\"ngg-gallery-thumbnail-box\"  >\n\t\t<div class=\"ngg-gallery-thumbnail\" >\n\t\t\t<a href=\"http:\/\/elzbieta.org\/wp-content\/gallery\/eucharystie-dla-dzieci-2018-2019-effatha-otworz-sie\/nasze-tarcze-przeciw-pokusom-z%C5%82ego.JPG\"\n               title=\" \"\n               class=\"ngg-simplelightbox\" rel=\"a30f305be54f292f143331bc1e9075d3\" data-image-id=\"4431\" data-src=\"http:\/\/elzbieta.org\/wp-content\/gallery\/eucharystie-dla-dzieci-2018-2019-effatha-otworz-sie\/nasze-tarcze-przeciw-pokusom-z%C5%82ego.JPG\" data-thumbnail=\"http:\/\/elzbieta.org\/wp-content\/gallery\/eucharystie-dla-dzieci-2018-2019-effatha-otworz-sie\/thumbs\/thumbs_nasze-tarcze-przeciw-pokusom-z%C5%82ego.JPG\" data-title=\"nasze tarcze przeciw pokusom z\u0142ego\" data-description=\" \" >\n\t\t\t\t\t\t\t\t<img title=\"nasze tarcze przeciw pokusom z\u0142ego\" alt=\"nasze tarcze przeciw pokusom z\u0142ego\" src=\"http:\/\/elzbieta.org\/wp-content\/gallery\/eucharystie-dla-dzieci-2018-2019-effatha-otworz-sie\/thumbs\/thumbs_nasze-tarcze-przeciw-pokusom-z%C5%82ego.JPG\" width='240' height='160' \/>\n\t\t\t\t\t\t\t<\/a>\n\t\t<\/div>\n\t<\/div>\n\n            \n \t\t\n\t<div id=\"ngg-image-4429\" class=\"ngg-gallery-thumbnail-box\"  >\n\t\t<div class=\"ngg-gallery-thumbnail\" >\n\t\t\t<a href=\"http:\/\/elzbieta.org\/wp-content\/gallery\/eucharystie-dla-dzieci-2018-2019-effatha-otworz-sie\/nasze-tarcze-przeciw-pokusom-z%C5%82ego-2.JPG\"\n               title=\" \"\n               class=\"ngg-simplelightbox\" rel=\"a30f305be54f292f143331bc1e9075d3\" data-image-id=\"4429\" data-src=\"http:\/\/elzbieta.org\/wp-content\/gallery\/eucharystie-dla-dzieci-2018-2019-effatha-otworz-sie\/nasze-tarcze-przeciw-pokusom-z%C5%82ego-2.JPG\" data-thumbnail=\"http:\/\/elzbieta.org\/wp-content\/gallery\/eucharystie-dla-dzieci-2018-2019-effatha-otworz-sie\/thumbs\/thumbs_nasze-tarcze-przeciw-pokusom-z%C5%82ego-2.JPG\" data-title=\"nasze tarcze przeciw pokusom z\u0142ego (2)\" data-description=\" \" >\n\t\t\t\t\t\t\t\t<img title=\"nasze tarcze przeciw pokusom z\u0142ego (2)\" alt=\"nasze tarcze przeciw pokusom z\u0142ego (2)\" src=\"http:\/\/elzbieta.org\/wp-content\/gallery\/eucharystie-dla-dzieci-2018-2019-effatha-otworz-sie\/thumbs\/thumbs_nasze-tarcze-przeciw-pokusom-z%C5%82ego-2.JPG\" width='240' height='160' \/>\n\t\t\t\t\t\t\t<\/a>\n\t\t<\/div>\n\t<\/div>\n\n            \n \t\t\n\t<div id=\"ngg-image-4430\" class=\"ngg-gallery-thumbnail-box\"  >\n\t\t<div class=\"ngg-gallery-thumbnail\" >\n\t\t\t<a href=\"http:\/\/elzbieta.org\/wp-content\/gallery\/eucharystie-dla-dzieci-2018-2019-effatha-otworz-sie\/nasze-tarcze-przeciw-pokusom-z%C5%82ego-3.JPG\"\n               title=\" \"\n               class=\"ngg-simplelightbox\" rel=\"a30f305be54f292f143331bc1e9075d3\" data-image-id=\"4430\" data-src=\"http:\/\/elzbieta.org\/wp-content\/gallery\/eucharystie-dla-dzieci-2018-2019-effatha-otworz-sie\/nasze-tarcze-przeciw-pokusom-z%C5%82ego-3.JPG\" data-thumbnail=\"http:\/\/elzbieta.org\/wp-content\/gallery\/eucharystie-dla-dzieci-2018-2019-effatha-otworz-sie\/thumbs\/thumbs_nasze-tarcze-przeciw-pokusom-z%C5%82ego-3.JPG\" data-title=\"nasze tarcze przeciw pokusom z\u0142ego (3)\" data-description=\" \" >\n\t\t\t\t\t\t\t\t<img title=\"nasze tarcze przeciw pokusom z\u0142ego (3)\" alt=\"nasze tarcze przeciw pokusom z\u0142ego (3)\" src=\"http:\/\/elzbieta.org\/wp-content\/gallery\/eucharystie-dla-dzieci-2018-2019-effatha-otworz-sie\/thumbs\/thumbs_nasze-tarcze-przeciw-pokusom-z%C5%82ego-3.JPG\" width='240' height='160' \/>\n\t\t\t\t\t\t\t<\/a>\n\t\t<\/div>\n\t<\/div>\n\n            \n \t \t\n\t<!-- Pagination -->\n \t<div class='ngg-clear'><\/div> \t\n<\/div>\n\n\n","protected":false},"excerpt":{"rendered":"<p>&nbsp; Zako\u0144czenie projektu &#8211; informacja. Otw\u00f3rz. &nbsp; &#8221; template=&#8221;\/home\/PLD\/home\/home\/www\/swelzbiety\/www.swelzbiety.archidiecezja.wroc.pl\/wp-content\/plugins\/nextgen-gallery\/products\/photocrati_nextgen\/modules\/ngglegacy\/view\/gallery.php&#8221; order_by=&#8221;sortorder&#8221; order_direction=&#8221;ASC&#8221; returns=&#8221;included&#8221; maximum_entity_count=&#8221;500&#8243;]<\/p>\n","protected":false},"author":2,"featured_media":0,"parent":0,"menu_order":0,"comment_status":"closed","ping_status":"closed","template":"","meta":{"ngg_post_thumbnail":0},"_links":{"self":[{"href":"http:\/\/elzbieta.org\/index.php?rest_route=\/wp\/v2\/pages\/11748"}],"collection":[{"href":"http:\/\/elzbieta.org\/index.php?rest_route=\/wp\/v2\/pages"}],"about":[{"href":"http:\/\/elzbieta.org\/index.php?rest_route=\/wp\/v2\/types\/page"}],"author":[{"embeddable":true,"href":"http:\/\/elzbieta.org\/index.php?rest_route=\/wp\/v2\/users\/2"}],"replies":[{"embeddable":true,"href":"http:\/\/elzbieta.org\/index.php?rest_route=%2Fwp%2Fv2%2Fcomments&post=11748"}],"version-history":[{"count":8,"href":"http:\/\/elzbieta.org\/index.php?rest_route=\/wp\/v2\/pages\/11748\/revisions"}],"predecessor-version":[{"id":13402,"href":"http:\/\/elzbieta.org\/index.php?rest_route=\/wp\/v2\/pages\/11748\/revisions\/13402"}],"wp:attachment":[{"href":"http:\/\/elzbieta.org\/index.php?rest_route=%2Fwp%2Fv2%2Fmedia&parent=11748"}],"curies":[{"name":"wp","href":"https:\/\/api.w.org\/{rel}","templated":true}]}}