{"id":14417,"date":"2020-08-31T15:04:42","date_gmt":"2020-08-31T13:04:42","guid":{"rendered":"http:\/\/elzbieta.org\/?page_id=14417"},"modified":"2021-06-06T23:21:55","modified_gmt":"2021-06-06T21:21:55","slug":"zebrani-opis-projektu-2","status":"publish","type":"page","link":"http:\/\/elzbieta.org\/?page_id=14417","title":{"rendered":"Zebrani w imi\u0119 Jezusa. O \u015bwi\u0119tych"},"content":{"rendered":"<p><span style=\"font-size: 20px; color: #ff0000;\">NIEDZIELA, 06.06.2021<\/span><\/p>\n<p><strong><span style=\"font-family: 'book antiqua', palatino, serif; color: #333399;\">\u015aWI\u0118TY MAKSYMILIAN MARIA KOLBE<\/span><\/strong><\/p>\n<p><span style=\"color: #339966;\">Zagadka z Albumu:<\/span>&nbsp; Gdzie odda\u0142 \u017cycie za bli\u017aniego ten \u015bwi\u0119ty?<\/p>\n<p><span style=\"font-size: 16pt; font-family: Neuton, serif; background: #fafafa; color: #000000;\"><span style=\"color: #ff6600;\">Odpowied\u017a na zagadk\u0119:<\/span>&nbsp; \u015awi\u0119ty Maksymilian odda\u0142 \u017cycie za bli\u017aniego w obozie koncentracyjnym.<\/span><\/p>\n<p><img decoding=\"async\" loading=\"lazy\" class=\" wp-image-16282 aligncenter\" src=\"http:\/\/elzbieta.org\/wp-content\/uploads\/2021\/06\/MAKSYMILIAN-KOLBE-141x300.jpg\" alt=\"\" width=\"197\" height=\"419\" srcset=\"http:\/\/elzbieta.org\/wp-content\/uploads\/2021\/06\/MAKSYMILIAN-KOLBE-141x300.jpg 141w, http:\/\/elzbieta.org\/wp-content\/uploads\/2021\/06\/MAKSYMILIAN-KOLBE-480x1024.jpg 480w, http:\/\/elzbieta.org\/wp-content\/uploads\/2021\/06\/MAKSYMILIAN-KOLBE-70x150.jpg 70w, http:\/\/elzbieta.org\/wp-content\/uploads\/2021\/06\/MAKSYMILIAN-KOLBE.jpg 615w\" sizes=\"(max-width: 197px) 100vw, 197px\" \/><\/p>\n<p>&nbsp;<\/p>\n<hr>\n<p><span style=\"font-size: 20px; color: #ff0000;\">NIEDZIELA, 30.05.2021<\/span><\/p>\n<p><strong><span style=\"font-family: 'book antiqua', palatino, serif; color: #333399;\">\u015aWI\u0118TY JAN EWANGELISTA<\/span><\/strong><\/p>\n<p><span style=\"color: #339966;\">Zagadka z Albumu:<\/span>&nbsp; Jakie s\u0142owa wypowiedzia\u0142 do tego \u015bwi\u0119tego Pan Jezus z krzy\u017ca?<\/p>\n<p><span style=\"font-size: 16pt; font-family: Neuton, serif; background: #fafafa; color: #000000;\"><span style=\"color: #ff6600;\">Odpowied\u017a na zagadk\u0119:<\/span>&nbsp; Pan Jezus powiedzia\u0142 do \u015bwi\u0119tego Jana: Oto matka twoja.<\/span><\/p>\n<p><img decoding=\"async\" loading=\"lazy\" class=\" wp-image-16266 aligncenter\" src=\"http:\/\/elzbieta.org\/wp-content\/uploads\/2021\/05\/Jan-Ewangelista-a-141x300.jpg\" alt=\"\" width=\"180\" height=\"383\" srcset=\"http:\/\/elzbieta.org\/wp-content\/uploads\/2021\/05\/Jan-Ewangelista-a-141x300.jpg 141w, http:\/\/elzbieta.org\/wp-content\/uploads\/2021\/05\/Jan-Ewangelista-a-481x1024.jpg 481w, http:\/\/elzbieta.org\/wp-content\/uploads\/2021\/05\/Jan-Ewangelista-a-70x150.jpg 70w, http:\/\/elzbieta.org\/wp-content\/uploads\/2021\/05\/Jan-Ewangelista-a.jpg 616w\" sizes=\"(max-width: 180px) 100vw, 180px\" \/><\/p>\n<hr>\n<p>&nbsp;<\/p>\n<p><span style=\"font-size: 20px; color: #ff0000;\">NIEDZIELA, 23.05.2021<\/span><\/p>\n<p><strong><span style=\"font-family: 'book antiqua', palatino, serif; color: #333399;\">\u015aWI\u0118TY MAREK EWANGELISTA<\/span><\/strong><\/p>\n<p><span style=\"color: #339966;\">Zagadka z Albumu:<\/span>&nbsp; Pod jakim imieniem w ksi\u0119gach Nowego Testamentu wyst\u0119puje ten \u015bwi\u0119ty?<\/p>\n<p><span style=\"font-size: 16pt; font-family: Neuton, serif; background: #fafafa; color: #000000;\"><span style=\"color: #ff6600;\">Odpowied\u017a na zagadk\u0119:<\/span>&nbsp; \u015awi\u0119ty Marek wyst\u0119puje w Nowym Testamencie pod imieniem Jan.<\/span><\/p>\n<p>Dzieje Apostolskie (Dz 12, 12) nazywaj\u0105 go jako \u201cJanem zwanym Markiem\u201d.<\/p>\n<p><img decoding=\"async\" loading=\"lazy\" class=\"alignnone wp-image-16258 aligncenter\" src=\"http:\/\/elzbieta.org\/wp-content\/uploads\/2021\/05\/MAREK-141x300.jpg\" alt=\"\" width=\"182\" height=\"387\" srcset=\"http:\/\/elzbieta.org\/wp-content\/uploads\/2021\/05\/MAREK-141x300.jpg 141w, http:\/\/elzbieta.org\/wp-content\/uploads\/2021\/05\/MAREK-480x1024.jpg 480w, http:\/\/elzbieta.org\/wp-content\/uploads\/2021\/05\/MAREK-70x150.jpg 70w, http:\/\/elzbieta.org\/wp-content\/uploads\/2021\/05\/MAREK.jpg 615w\" sizes=\"(max-width: 182px) 100vw, 182px\" \/><\/p>\n<hr>\n<p>&nbsp;<\/p>\n<p><span style=\"font-size: 20px; color: #ff0000;\">NIEDZIELA, 16.05.2021<\/span><\/p>\n<p><strong><span style=\"font-family: 'book antiqua', palatino, serif; color: #333399;\">\u015aWI\u0118TY MATEUSZ EWANGELISTA<\/span><\/strong><\/p>\n<p><span style=\"color: #339966;\">Zagadka z Albumu:<\/span>&nbsp; Do kt\u00f3rego narodu pisa\u0142 swoj\u0105 Ewangeli\u0119 ten \u015bwi\u0119ty?<\/p>\n<p><span style=\"font-size: 16pt; font-family: Neuton, serif; background: #fafafa; color: #000000;\"><span style=\"color: #ff6600;\">Odpowied\u017a na zagadk\u0119:<\/span>&nbsp; \u015awi\u0119ty Mateusz pisa\u0142 swoj\u0105 Ewangeli\u0119 do narodu \u017cydowskiego.<\/span><\/p>\n<p><img decoding=\"async\" loading=\"lazy\" class=\"alignnone wp-image-16241 aligncenter\" src=\"http:\/\/elzbieta.org\/wp-content\/uploads\/2021\/05\/MATEUSZ-1-171x300.jpg\" alt=\"\" width=\"216\" height=\"379\" srcset=\"http:\/\/elzbieta.org\/wp-content\/uploads\/2021\/05\/MATEUSZ-1-171x300.jpg 171w, http:\/\/elzbieta.org\/wp-content\/uploads\/2021\/05\/MATEUSZ-1-584x1024.jpg 584w, http:\/\/elzbieta.org\/wp-content\/uploads\/2021\/05\/MATEUSZ-1-86x150.jpg 86w, http:\/\/elzbieta.org\/wp-content\/uploads\/2021\/05\/MATEUSZ-1.jpg 748w\" sizes=\"(max-width: 216px) 100vw, 216px\" \/><\/p>\n<hr>\n<p><span style=\"font-size: 20px; color: #ff0000;\">NIEDZIELA, 9.05.2021<\/span><\/p>\n<p><strong><span style=\"font-family: 'book antiqua', palatino, serif; color: #333399;\">\u015aWI\u0118TY \u0141UKASZ EWANGELISTA<\/span><\/strong><\/p>\n<p><span style=\"color: #339966;\">Zagadka z Albumu:<\/span>&nbsp; Sk\u0105d ten \u015bwi\u0119ty czerpa\u0142 wiedz\u0119 potrzebn\u0105 do napisania Ewangelii?<\/p>\n<p><span style=\"font-size: 16pt; font-family: Neuton, serif; background: #fafafa; color: #000000;\"><span style=\"color: #ff6600;\">Odpowied\u017a na zagadk\u0119:<\/span>&nbsp; \u015awi\u0119ty \u0141ukasz wiedz\u0119 potrzebn\u0105 do napisania Ewangelii czerpa\u0142 od aposto\u0142\u00f3w.<\/span><\/p>\n<p><img decoding=\"async\" loading=\"lazy\" class=\"alignnone wp-image-16243 aligncenter\" src=\"http:\/\/elzbieta.org\/wp-content\/uploads\/2021\/05\/Lukasz-1-1-141x300.jpg\" alt=\"\" width=\"180\" height=\"383\" srcset=\"http:\/\/elzbieta.org\/wp-content\/uploads\/2021\/05\/Lukasz-1-1-141x300.jpg 141w, http:\/\/elzbieta.org\/wp-content\/uploads\/2021\/05\/Lukasz-1-1-480x1024.jpg 480w, http:\/\/elzbieta.org\/wp-content\/uploads\/2021\/05\/Lukasz-1-1-70x150.jpg 70w, http:\/\/elzbieta.org\/wp-content\/uploads\/2021\/05\/Lukasz-1-1.jpg 615w\" sizes=\"(max-width: 180px) 100vw, 180px\" \/><\/p>\n<hr>\n<p><span style=\"font-size: 20px; color: #ff0000;\">NIEDZIELA, 2.05.2021<\/span><\/p>\n<p><strong><span style=\"font-family: 'book antiqua', palatino, serif; color: #333399;\">\u015aWI\u0118TA KATARZYNA ZE SIENY<\/span><\/strong><\/p>\n<p><span style=\"color: #339966;\">Zagadka z Albumu:<\/span>&nbsp; Co wydarzy\u0142o si\u0119 w \u017cyciu tej \u015bwi\u0119tej, gdy mia\u0142a 7 lat?<\/p>\n<p><span style=\"font-size: 16pt; font-family: Neuton, serif; background: #fafafa; color: #000000;\"><span style=\"color: #ff6600;\">Odpowied\u017a na zagadk\u0119:<\/span>&nbsp; Gdy \u015bwi\u0119ta Katarzyna mia\u0142a 7 lat ofiarowa\u0142a swoje \u017cycie Panu Bogu.<\/span><\/p>\n<p><img decoding=\"async\" loading=\"lazy\" class=\" wp-image-16225 aligncenter\" src=\"http:\/\/elzbieta.org\/wp-content\/uploads\/2021\/05\/Katarzyna-ze-sieny-141x300.jpg\" alt=\"\" width=\"185\" height=\"394\" srcset=\"http:\/\/elzbieta.org\/wp-content\/uploads\/2021\/05\/Katarzyna-ze-sieny-141x300.jpg 141w, http:\/\/elzbieta.org\/wp-content\/uploads\/2021\/05\/Katarzyna-ze-sieny-481x1024.jpg 481w, http:\/\/elzbieta.org\/wp-content\/uploads\/2021\/05\/Katarzyna-ze-sieny-70x150.jpg 70w, http:\/\/elzbieta.org\/wp-content\/uploads\/2021\/05\/Katarzyna-ze-sieny.jpg 616w\" sizes=\"(max-width: 185px) 100vw, 185px\" \/><\/p>\n<hr>\n<p><span style=\"font-size: 20px; color: #ff0000;\">NIEDZIELA, 25.04.2021<\/span><\/p>\n<p><strong><span style=\"font-family: 'book antiqua', palatino, serif; color: #333399;\">\u015aWI\u0118TA ANNA<\/span><\/strong><\/p>\n<p><span style=\"color: #339966;\">Zagadka z Albumu:<\/span>&nbsp; Dlaczego t\u0119 \u015bwi\u0119t\u0105 nazywa si\u0119 &#8220;Samotrzeci\u0105&#8221;?<\/p>\n<p><span style=\"font-size: 16pt; font-family: Neuton, serif; background: #fafafa; color: #000000;\"><span style=\"color: #ff6600;\">Odpowied\u017a na zagadk\u0119:<\/span>&nbsp; \u015awi\u0119t\u0105 Ann\u0119 nazywa si\u0119 Samotrzeci\u0105, gdy\u017c cz\u0119sto jest przedstawiana na obrazach z Maryj\u0105 i Jezusem. Czyli s\u0105 3 Osoby.<\/span><\/p>\n<p><img decoding=\"async\" loading=\"lazy\" class=\"alignnone wp-image-16216 aligncenter\" src=\"http:\/\/elzbieta.org\/wp-content\/uploads\/2021\/04\/ANNA-141x300.jpg\" alt=\"\" width=\"198\" height=\"422\" srcset=\"http:\/\/elzbieta.org\/wp-content\/uploads\/2021\/04\/ANNA-141x300.jpg 141w, http:\/\/elzbieta.org\/wp-content\/uploads\/2021\/04\/ANNA-480x1024.jpg 480w, http:\/\/elzbieta.org\/wp-content\/uploads\/2021\/04\/ANNA-70x150.jpg 70w, http:\/\/elzbieta.org\/wp-content\/uploads\/2021\/04\/ANNA.jpg 615w\" sizes=\"(max-width: 198px) 100vw, 198px\" \/><\/p>\n<p>&nbsp;<\/p>\n<hr>\n<p><span style=\"font-size: 20px; color: #ff0000;\">NIEDZIELA, 18.04.2021<\/span><\/p>\n<p><strong><span style=\"font-family: 'book antiqua', palatino, serif; color: #333399;\">\u015aWI\u0118TY JAN PAWE\u0141 II<\/span><\/strong><\/p>\n<p><span style=\"color: #339966;\">Zagadka z Albumu:<\/span>&nbsp; Co znajduje si\u0119 herbie tego \u015bwi\u0119tego?<\/p>\n<p><span style=\"font-size: 16pt; font-family: Neuton, serif; background: #fafafa; color: #000000;\"><span style=\"color: #ff6600;\">Odpowied\u017a na zagadk\u0119:<\/span>&nbsp; Na herbie \u015bwi\u0119tego Jana Paw\u0142a II znajduje si\u0119 klucze \u015bw. Piotra, z\u0142oty krzy\u017c i litera M wskazuj\u0105ca na Maryj\u0119.<\/span><\/p>\n<p><img decoding=\"async\" loading=\"lazy\" class=\"alignnone wp-image-16085\" src=\"http:\/\/elzbieta.org\/wp-content\/uploads\/2021\/04\/herb-jp2-247x300.png\" alt=\"\" width=\"149\" height=\"181\" srcset=\"http:\/\/elzbieta.org\/wp-content\/uploads\/2021\/04\/herb-jp2-247x300.png 247w, http:\/\/elzbieta.org\/wp-content\/uploads\/2021\/04\/herb-jp2-845x1024.png 845w, http:\/\/elzbieta.org\/wp-content\/uploads\/2021\/04\/herb-jp2-124x150.png 124w, http:\/\/elzbieta.org\/wp-content\/uploads\/2021\/04\/herb-jp2-768x931.png 768w, http:\/\/elzbieta.org\/wp-content\/uploads\/2021\/04\/herb-jp2.png 1200w\" sizes=\"(max-width: 149px) 100vw, 149px\" \/><\/p>\n<p><img decoding=\"async\" loading=\"lazy\" class=\" wp-image-16082 aligncenter\" src=\"http:\/\/elzbieta.org\/wp-content\/uploads\/2021\/04\/JAN-PAWEL-II-141x300.jpg\" alt=\"\" width=\"213\" height=\"453\" srcset=\"http:\/\/elzbieta.org\/wp-content\/uploads\/2021\/04\/JAN-PAWEL-II-141x300.jpg 141w, http:\/\/elzbieta.org\/wp-content\/uploads\/2021\/04\/JAN-PAWEL-II-482x1024.jpg 482w, http:\/\/elzbieta.org\/wp-content\/uploads\/2021\/04\/JAN-PAWEL-II-71x150.jpg 71w, http:\/\/elzbieta.org\/wp-content\/uploads\/2021\/04\/JAN-PAWEL-II.jpg 617w\" sizes=\"(max-width: 213px) 100vw, 213px\" \/><\/p>\n<p>&nbsp;<\/p>\n<hr>\n<p><span style=\"font-size: 20px; color: #ff0000;\">NIEDZIELA, 11.04.2021<\/span><\/p>\n<p><span style=\"color: #ff0000; font-size: 20px;\">NIEDZIELA MI\u0141OSIERDZIA BO\u017bEGO<\/span><\/p>\n<p><strong><span style=\"font-family: 'book antiqua', palatino, serif; color: #333399;\">\u015aWI\u0118TA FAUSTYNA KOWALSKA<\/span><\/strong><\/p>\n<p><span style=\"color: #339966;\">Zagadka z Albumu:<\/span>&nbsp; Co spisa\u0142a w swoim Dzienniczku ta \u015bwi\u0119ta?<\/p>\n<p><span style=\"font-size: 16pt; font-family: Neuton, serif; background: #fafafa; color: #000000;\"><span style=\"color: #ff6600;\">Odpowied\u017a na zagadk\u0119:<\/span>&nbsp; \u015awi\u0119ta Faustyna Kowalska w Dzienniczku (pami\u0119tniku) opisa\u0142a swoje spotkania z Panem Jezusem. Zapisa\u0142a s\u0142owa Pana Jezusa o Bo\u017cym Mi\u0142osierdziu.<\/span><\/p>\n<p><img decoding=\"async\" loading=\"lazy\" class=\" wp-image-15973 aligncenter\" src=\"http:\/\/elzbieta.org\/wp-content\/uploads\/2021\/04\/FAUSTYNA-141x300.jpg\" alt=\"\" width=\"206\" height=\"438\" srcset=\"http:\/\/elzbieta.org\/wp-content\/uploads\/2021\/04\/FAUSTYNA-141x300.jpg 141w, http:\/\/elzbieta.org\/wp-content\/uploads\/2021\/04\/FAUSTYNA-480x1024.jpg 480w, http:\/\/elzbieta.org\/wp-content\/uploads\/2021\/04\/FAUSTYNA-70x150.jpg 70w, http:\/\/elzbieta.org\/wp-content\/uploads\/2021\/04\/FAUSTYNA.jpg 615w\" sizes=\"(max-width: 206px) 100vw, 206px\" \/><\/p>\n<hr>\n<p><span style=\"font-size: 20px; color: #ff0000;\">NIEDZIELA, 4.04.2021<\/span><\/p>\n<p><strong><span style=\"font-family: 'book antiqua', palatino, serif; color: #333399;\">S\u0141UGA BO\u017bY KARDYNA\u0141 STEFAN WYSZY\u0143SKI<\/span><\/strong><\/p>\n<p><span style=\"color: #339966;\">Zagadka z Albumu:<\/span>&nbsp; <span style=\"font-size: 16pt; font-family: Neuton, serif; background: #fafafa; color: #000000;\">Tego s\u0142ug\u0119 Bo\u017cego nazywamy &#8220;Prymasem Tysi\u0105clecia&#8221;. Dlaczego?<\/span><\/p>\n<p><span style=\"font-size: 16pt; font-family: Neuton, serif; background: #fafafa; color: #000000;\"><span style=\"color: #ff6600;\">Odpowied\u017a na zagadk\u0119:<\/span>&nbsp; S\u0142ug\u0119 Bo\u017cego Stefana Wyszy\u0144skiego nazywamy &#8220;Prymasem Tysi\u0105clecia&#8221;, bo by\u0142 jedn\u0105 z najwybitniejszych postaci XX wieku.<\/span><\/p>\n<p><img decoding=\"async\" loading=\"lazy\" class=\"wp-image-15886 aligncenter\" src=\"http:\/\/elzbieta.org\/wp-content\/uploads\/2021\/04\/Stefan-Wyszynski-141x300.jpg\" alt=\"\" width=\"205\" height=\"436\" srcset=\"http:\/\/elzbieta.org\/wp-content\/uploads\/2021\/04\/Stefan-Wyszynski-141x300.jpg 141w, http:\/\/elzbieta.org\/wp-content\/uploads\/2021\/04\/Stefan-Wyszynski-481x1024.jpg 481w, http:\/\/elzbieta.org\/wp-content\/uploads\/2021\/04\/Stefan-Wyszynski-70x150.jpg 70w, http:\/\/elzbieta.org\/wp-content\/uploads\/2021\/04\/Stefan-Wyszynski.jpg 616w\" sizes=\"(max-width: 205px) 100vw, 205px\" \/><\/p>\n<hr>\n<p><span style=\"font-size: 20px; color: #ff0000;\">NIEDZIELA, 28.03.2021<\/span><\/p>\n<p><strong><span style=\"font-family: 'book antiqua', palatino, serif; color: #333399;\">\u015aWI\u0118TY RAFA\u0141 KALINOWSKI<\/span><\/strong><\/p>\n<p><span style=\"color: #339966;\">Zagadka z Albumu:<\/span>&nbsp; \u015awi\u0119ty ten za pomoc powsta\u0144com zosta\u0142 bardzo mocno ukarany. Jak?<\/p>\n<p><span style=\"font-size: 16pt; font-family: Neuton, serif; background: #fafafa; color: #000000;\"><span style=\"color: #ff6600;\">Odpowied\u017a na zagadk\u0119:<\/span>&nbsp; \u015awi\u0119ta Rafa\u0142 Kalinowski za pomoc powsta\u0144com zosta\u0142 skazany na \u015bmier\u0107, ale ostatecznie trafi\u0142&nbsp;<\/span><span style=\"color: #000000; font-family: Neuton, serif; font-size: 21.3333px; font-weight: inherit;\">na 10 lat<\/span><span style=\"color: #000000; font-family: Neuton, serif; font-size: 16pt; font-weight: inherit;\"> wi\u0119zienia w bardzo ci\u0119\u017ckich warunkach &#8211; na Syberii.<\/span><\/p>\n<p><img decoding=\"async\" loading=\"lazy\" class=\" wp-image-15878 aligncenter\" src=\"http:\/\/elzbieta.org\/wp-content\/uploads\/2021\/03\/NAKLEJKI-30.08.20-PARZYSTE-141x300.jpg\" alt=\"\" width=\"216\" height=\"460\" srcset=\"http:\/\/elzbieta.org\/wp-content\/uploads\/2021\/03\/NAKLEJKI-30.08.20-PARZYSTE-141x300.jpg 141w, http:\/\/elzbieta.org\/wp-content\/uploads\/2021\/03\/NAKLEJKI-30.08.20-PARZYSTE-480x1024.jpg 480w, http:\/\/elzbieta.org\/wp-content\/uploads\/2021\/03\/NAKLEJKI-30.08.20-PARZYSTE-70x150.jpg 70w, http:\/\/elzbieta.org\/wp-content\/uploads\/2021\/03\/NAKLEJKI-30.08.20-PARZYSTE.jpg 615w\" sizes=\"(max-width: 216px) 100vw, 216px\" \/><\/p>\n<hr>\n<p>&nbsp;<\/p>\n<p><span style=\"font-size: 20px; color: #ff0000;\">NIEDZIELA, 21.03.2021<\/span><\/p>\n<p><strong><span style=\"font-family: 'book antiqua', palatino, serif; color: #333399;\">\u015aWI\u0118TY BRUNO Z KARTUZ<\/span><\/strong><\/p>\n<p><span style=\"color: #339966;\">Zagadka z Albumu:<\/span>&nbsp; \u015awi\u0119ty ten by\u0142 przez 20 lat scholastykiem. Co to znaczy?<\/p>\n<p><span style=\"font-size: 16pt; font-family: Neuton, serif; background: #fafafa; color: #000000;\"><span style=\"color: #ff6600;\">Odpowied\u017a na zagadk\u0119:<\/span>&nbsp; \u015awi\u0119ta Bruno z Kartuz by\u0142 scholastykiem czyli zarz\u0105dza\u0142 szko\u0142\u0105 katedraln\u0105. By\u0142 jej prze\u0142o\u017conym.<\/span><\/p>\n<p><img decoding=\"async\" loading=\"lazy\" class=\" wp-image-15820 aligncenter\" src=\"http:\/\/elzbieta.org\/wp-content\/uploads\/2021\/03\/BRUNO-141x300.jpg\" alt=\"\" width=\"195\" height=\"415\" srcset=\"http:\/\/elzbieta.org\/wp-content\/uploads\/2021\/03\/BRUNO-141x300.jpg 141w, http:\/\/elzbieta.org\/wp-content\/uploads\/2021\/03\/BRUNO-482x1024.jpg 482w, http:\/\/elzbieta.org\/wp-content\/uploads\/2021\/03\/BRUNO-71x150.jpg 71w, http:\/\/elzbieta.org\/wp-content\/uploads\/2021\/03\/BRUNO.jpg 617w\" sizes=\"(max-width: 195px) 100vw, 195px\" \/><\/p>\n<hr>\n<p>&nbsp;<\/p>\n<p><span style=\"font-size: 20px; color: #ff0000;\">NIEDZIELA, 14.03.2021<\/span><\/p>\n<p><strong><span style=\"font-family: 'book antiqua', palatino, serif; color: #333399;\">\u015aWI\u0118TY JERZY<\/span><\/strong><\/p>\n<p><span style=\"color: #339966;\">Zagadka z Albumu:<\/span> Dlaczego ten \u015bwi\u0119ty jest przedstawiany jako walcz\u0105cy ze smokiem?<\/p>\n<p><span style=\"font-size: 16pt; font-family: Neuton, serif; background: #fafafa; color: #000000;\"><span style=\"color: #ff6600;\">Odpowied\u017a na zagadk\u0119:<\/span>&nbsp; \u015awi\u0119ta Jerzy jest przedstawiany ze smokiem poniewa\u017c, jak g\u0142osi legenda, kiedy smok chcia\u0142 po\u017cre\u0107 c\u00f3rk\u0119 kr\u00f3lewsk\u0105 Jerzy stoczy\u0142 z nim zwyci\u0119sk\u0105 walk\u0119 wzywaj\u0105c na pomoc Boga. (<\/span>Legenda poni\u017cej.)<\/p>\n<p><img decoding=\"async\" loading=\"lazy\" class=\" wp-image-15581 aligncenter\" src=\"http:\/\/elzbieta.org\/wp-content\/uploads\/2021\/02\/Jerzy-141x300.jpg\" alt=\"\" width=\"220\" height=\"468\" srcset=\"http:\/\/elzbieta.org\/wp-content\/uploads\/2021\/02\/Jerzy-141x300.jpg 141w, http:\/\/elzbieta.org\/wp-content\/uploads\/2021\/02\/Jerzy-480x1024.jpg 480w, http:\/\/elzbieta.org\/wp-content\/uploads\/2021\/02\/Jerzy-70x150.jpg 70w, http:\/\/elzbieta.org\/wp-content\/uploads\/2021\/02\/Jerzy.jpg 615w\" sizes=\"(max-width: 220px) 100vw, 220px\" \/><\/p>\n<p><strong>Legenda o tym jak \u015bw. Jerzy walczy\u0142 ze smokiem<\/strong><\/p>\n<p>Pewnego razu przyby\u0142 do miasta zwanego Silena. W pobli\u017cu tego miasta by\u0142o \u017ar\u00f3d\u0142o, w kt\u00f3rym mia\u0142 siedzib\u0119 okropny smok. Smok ten nieraz ju\u017c zmusi\u0142 do ucieczki ludzi, kt\u00f3rzy z broni\u0105 wyszli przeciw niemu, i podchodz\u0105c pod mury miasta zara\u017ca\u0142 wszystkich swoim oddechem\u2026<\/p>\n<p>Mieszka\u0144cy starali si\u0119 go uspokoi\u0107, daj\u0105c mu na po\u017carcie nie tylko owce, ale tak\u017ce ludzi. Kolejne codzienne ofiary wybierano przez losowanie. Pewnego razy los pad\u0142 na c\u00f3rk\u0119 kr\u00f3lewsk\u0105\u2026<\/p>\n<p>\u015aw. Jerzy, kt\u00f3ry w\u0142a\u015bnie przechodzi\u0142 tamt\u0119dy, zobaczy\u0142 j\u0105 p\u0142acz\u0105c\u0105.<br \/>\nGdy kr\u00f3lewna wszystko mu opowiedzia\u0142a, rzek\u0142: \u00abNie b\u00f3j si\u0119, dziewczyno, bo ja w imi\u0119 Chrystusa ci\u0119 obroni\u0119\u00bb\u2026<\/p>\n<p>Jerzy wsiad\u0142 na konia i prze\u017cegnawszy si\u0119 odwa\u017cnie uderzy\u0142 na zbli\u017caj\u0105cego si\u0119 do\u0144 smoka, a zawin\u0105wszy silnie w\u0142\u00f3czni\u0105 i polecaj\u0105c si\u0119 Bogu, zrani\u0142 go ci\u0119\u017cko i obali\u0142 na ziemi\u0119.<\/p>\n<p>Jerzy zwyci\u0119\u017cy\u0142 smoka. Przezwyci\u0119\u017cy\u0142 z\u0142o.<\/p>\n<hr>\n<p>&nbsp;<\/p>\n<p><span style=\"font-size: 20px; color: #ff0000;\">NIEDZIELA, 7.03.2021<\/span><\/p>\n<p><strong><span style=\"font-family: 'book antiqua', palatino, serif; color: #333399;\">\u015aWI\u0118TA WERONIKA<\/span><\/strong><\/p>\n<p><span style=\"color: #339966;\">Zagadka z Albumu:<\/span> W zwi\u0105zku z tym, \u017ce utrwali\u0142a wizerunek Pana Jezusa jest patronk\u0105 &#8230;<\/p>\n<p><span style=\"font-size: 16pt; font-family: Neuton, serif; background: #fafafa; color: #000000;\"><span style=\"color: #ff6600;\">Odpowied\u017a na zagadk\u0119:<\/span>&nbsp; \u015awi\u0119ta Weronika jest patronk\u0105 fotograf\u00f3w.<\/span><\/p>\n<p><img decoding=\"async\" loading=\"lazy\" class=\" wp-image-15592 aligncenter\" src=\"http:\/\/elzbieta.org\/wp-content\/uploads\/2021\/03\/WERONIKA-141x300.jpg\" alt=\"\" width=\"225\" height=\"479\" srcset=\"http:\/\/elzbieta.org\/wp-content\/uploads\/2021\/03\/WERONIKA-141x300.jpg 141w, http:\/\/elzbieta.org\/wp-content\/uploads\/2021\/03\/WERONIKA-481x1024.jpg 481w, http:\/\/elzbieta.org\/wp-content\/uploads\/2021\/03\/WERONIKA-70x150.jpg 70w, http:\/\/elzbieta.org\/wp-content\/uploads\/2021\/03\/WERONIKA.jpg 616w\" sizes=\"(max-width: 225px) 100vw, 225px\" \/><\/p>\n<hr>\n<p>&nbsp;<\/p>\n<p><span style=\"font-size: 20px; color: #ff0000;\">NIEDZIELA, 28.02.2021<\/span><\/p>\n<p><strong><span style=\"font-family: 'book antiqua', palatino, serif; color: #333399;\">\u015aWI\u0118TA MARIA MAGDALENA<\/span><\/strong><\/p>\n<p><span style=\"color: #339966;\">Zagadka z Albumu:<\/span> Ile razy wspomniana jest ta \u015bwi\u0119ta w Nowym Testamencie?<\/p>\n<p><span style=\"font-size: 16pt; font-family: Neuton, serif; background: #fafafa; color: #000000;\"><span style=\"color: #ff6600;\">Odpowied\u017a na zagadk\u0119:<\/span>&nbsp; \u015awi\u0119ta Maria Magdalena jest wspomniana&nbsp; w Nowym Testamencie 12 razy.<\/span><\/p>\n<p><img decoding=\"async\" loading=\"lazy\" class=\"wp-image-15582 aligncenter\" src=\"http:\/\/elzbieta.org\/wp-content\/uploads\/2021\/02\/Maria-Magdalena-141x300.jpg\" alt=\"\" width=\"210\" height=\"446\" srcset=\"http:\/\/elzbieta.org\/wp-content\/uploads\/2021\/02\/Maria-Magdalena-141x300.jpg 141w, http:\/\/elzbieta.org\/wp-content\/uploads\/2021\/02\/Maria-Magdalena-70x150.jpg 70w\" sizes=\"(max-width: 210px) 100vw, 210px\" \/><\/p>\n<hr>\n<p>&nbsp;<\/p>\n<p><span style=\"font-size: 20px; color: #ff0000;\">NIEDZIELA, 21.02.2021<\/span><\/p>\n<p><strong><span style=\"font-family: 'book antiqua', palatino, serif; color: #333399;\">\u015aWI\u0118TY STANIS\u0141AW BISKUP<\/span><\/strong><\/p>\n<p><span style=\"color: #339966;\">Zagadka z Albumu:<\/span> Co \u0142\u0105czy tego \u015bwi\u0119tego z Maryj\u0105 Pann\u0105 Kr\u00f3low\u0105 Polski i \u015bwi\u0119tym Wojciechem?<\/p>\n<p><span style=\"font-size: 16pt; font-family: Neuton, serif; background: #fafafa; color: #000000;\"><span style=\"color: #ff6600;\">Odpowied\u017a na zagadk\u0119:<\/span>&nbsp; \u015awi\u0119ty Stanis\u0142aw Biskup jest jednym z trzech patron\u00f3w Polski obok NMP Kr\u00f3lowej Polski i \u015bw. Wojciecha.<\/span><\/p>\n<p><img decoding=\"async\" loading=\"lazy\" class=\"wp-image-15574 aligncenter\" src=\"http:\/\/elzbieta.org\/wp-content\/uploads\/2021\/02\/STANISLAW-BISKUP-141x300.jpg\" alt=\"\" width=\"220\" height=\"470\" srcset=\"http:\/\/elzbieta.org\/wp-content\/uploads\/2021\/02\/STANISLAW-BISKUP-141x300.jpg 141w, http:\/\/elzbieta.org\/wp-content\/uploads\/2021\/02\/STANISLAW-BISKUP-70x150.jpg 70w, http:\/\/elzbieta.org\/wp-content\/uploads\/2021\/02\/STANISLAW-BISKUP.jpg 615w\" sizes=\"(max-width: 220px) 100vw, 220px\" \/><\/p>\n<hr>\n<p>&nbsp;<\/p>\n<p><span style=\"font-size: 20px; color: #ff0000;\">NIEDZIELA, 14.02.2021<\/span><\/p>\n<p><strong><span style=\"font-family: 'book antiqua', palatino, serif; color: #333399;\">\u015aWI\u0118TY WOJCIECH<\/span><\/strong><\/p>\n<p><span style=\"color: #339966;\">Zagadka z Albumu:<\/span> Historia \u017cycia tego \u015bwi\u0119tego zosta\u0142a przedstawiona na drzwiach katedry. Jak nazywaj\u0105 si\u0119 te drzwi?<\/p>\n<p><span style=\"font-size: 16pt; font-family: Neuton, serif; background: #fafafa; color: #000000;\"><span style=\"color: #ff6600;\">Odpowied\u017a na zagadk\u0119:<\/span>&nbsp; Historia \u017cycia \u015bw. Wojciecha zosta\u0142a przedstawiona na Drzwiach Gnie\u017anie\u0144skich.<\/span><\/p>\n<p><img decoding=\"async\" loading=\"lazy\" class=\"alignnone wp-image-15549 aligncenter\" src=\"http:\/\/elzbieta.org\/wp-content\/uploads\/2021\/02\/WOJCIECH-141x300.jpg\" alt=\"\" width=\"228\" height=\"485\" srcset=\"http:\/\/elzbieta.org\/wp-content\/uploads\/2021\/02\/WOJCIECH-141x300.jpg 141w, http:\/\/elzbieta.org\/wp-content\/uploads\/2021\/02\/WOJCIECH-480x1024.jpg 480w, http:\/\/elzbieta.org\/wp-content\/uploads\/2021\/02\/WOJCIECH-70x150.jpg 70w, http:\/\/elzbieta.org\/wp-content\/uploads\/2021\/02\/WOJCIECH.jpg 615w\" sizes=\"(max-width: 228px) 100vw, 228px\" \/><\/p>\n<hr>\n<p>&nbsp;<\/p>\n<p><span style=\"font-size: 20px; color: #ff0000;\">NIEDZIELA, 7.02.2021<\/span><\/p>\n<p><strong><span style=\"font-family: 'book antiqua', palatino, serif; color: #333399;\">\u015aWI\u0118TA JADWIGA<\/span><\/strong><\/p>\n<p><span style=\"color: #339966;\">Zagadka z Albumu:<\/span>&nbsp; \u015awi\u0119ta ta przedstawiana jest cz\u0119sto z budynkiem ko\u015bcio\u0142a. Dlaczego?<\/p>\n<p><span style=\"font-size: 16pt; font-family: Neuton, serif; background: #fafafa; color: #000000;\"><span style=\"color: #ff6600;\">Odpowied\u017a na zagadk\u0119:<\/span>&nbsp; \u015awi\u0119ta Jadwiga przedstawiana jest cz\u0119sto z budynkiem ko\u015bcio\u0142a, gdy\u017c ufundowa\u0142a wiele ko\u015bcio\u0142\u00f3w, m.in. w Trzebnicy, niedaleko Wroc\u0142awia.<\/span><\/p>\n<p><img decoding=\"async\" loading=\"lazy\" class=\" wp-image-15543 aligncenter\" src=\"http:\/\/elzbieta.org\/wp-content\/uploads\/2021\/02\/JADWIGA-NAKLEJKA-141x300.jpg\" alt=\"\" width=\"227\" height=\"483\" srcset=\"http:\/\/elzbieta.org\/wp-content\/uploads\/2021\/02\/JADWIGA-NAKLEJKA-141x300.jpg 141w, http:\/\/elzbieta.org\/wp-content\/uploads\/2021\/02\/JADWIGA-NAKLEJKA-481x1024.jpg 481w, http:\/\/elzbieta.org\/wp-content\/uploads\/2021\/02\/JADWIGA-NAKLEJKA-70x150.jpg 70w, http:\/\/elzbieta.org\/wp-content\/uploads\/2021\/02\/JADWIGA-NAKLEJKA.jpg 616w\" sizes=\"(max-width: 227px) 100vw, 227px\" \/><\/p>\n<hr>\n<p>&nbsp;<\/p>\n<p><span style=\"font-size: 20px; color: #ff0000;\">NIEDZIELA, 31.01.2021<\/span><\/p>\n<p><strong><span style=\"font-family: 'book antiqua', palatino, serif; color: #333399;\">\u015aWI\u0118TA KLARA<\/span><\/strong><\/p>\n<p><span style=\"color: #339966;\">Zagadka z Albumu:<\/span>&nbsp; Imi\u0119 tej \u015bwi\u0119tej oznacza &#8220;jasna, czysta, s\u0142awna&#8221;. Z jej imieniem zwi\u0105zana jest pewna historia. Jaka?<\/p>\n<p><span style=\"font-size: 16pt; font-family: Neuton, serif; background: #fafafa; color: #000000;\"><span style=\"color: #ff6600;\">Odpowied\u017a na zagadk\u0119:<\/span>&nbsp; Gdy mama Klary modli\u0142a si\u0119 o szcz\u0119\u015bliwe narodziny przysz\u0142ej \u015bwi\u0119tej us\u0142ysza\u0142a g\u0142os:&nbsp; \u201eNie b\u00f3j si\u0119, gdy\u017c to dziecko zab\u0142y\u015bnie swym \u017cyciem ja\u015bniej ni\u017c s\u0142o\u0144ce!\u201d. Umocniona t\u0105 przepowiedni\u0105 nada\u0142a dziewczynce imi\u0119 Klara, co oznacza jasna, czysta, s\u0142awna.<\/span><\/p>\n<p><img decoding=\"async\" loading=\"lazy\" class=\" wp-image-15504 aligncenter\" src=\"http:\/\/elzbieta.org\/wp-content\/uploads\/2021\/01\/klara-141x300.jpg\" alt=\"\" width=\"218\" height=\"466\" srcset=\"http:\/\/elzbieta.org\/wp-content\/uploads\/2021\/01\/klara-141x300.jpg 141w, http:\/\/elzbieta.org\/wp-content\/uploads\/2021\/01\/klara-480x1024.jpg 480w, http:\/\/elzbieta.org\/wp-content\/uploads\/2021\/01\/klara-70x150.jpg 70w, http:\/\/elzbieta.org\/wp-content\/uploads\/2021\/01\/klara.jpg 615w\" sizes=\"(max-width: 218px) 100vw, 218px\" \/><\/p>\n<p>O \u015bwi\u0119tej Klarze&nbsp; przeczytaj wi\u0119cej w zak\u0142adce AUREOLKI &#8211; nr 36. <a href=\"http:\/\/elzbieta.org\/?page_id=7863\" target=\"_blank\" rel=\"nofollow noopener noreferrer\">Otw\u00f3rz&#8230;<\/a><\/p>\n<hr>\n<p>&nbsp;<\/p>\n<p><span style=\"font-size: 20px; color: #ff0000;\">NIEDZIELA, 24.01.2021<\/span><\/p>\n<p><strong><span style=\"font-family: 'book antiqua', palatino, serif; color: #333399;\">B\u0141OGOS\u0141AWIONY CZES\u0141AW<\/span><\/strong><\/p>\n<p><span style=\"color: #339966;\">Zagadka z Albumu:<\/span>&nbsp; Biskup da\u0142 temu zakonnikowi ko\u015bci\u00f3\u0142 we Wroc\u0142awiu, przy kt\u00f3rym powsta\u0142 klasztor dominikan\u00f3w. Kt\u00f3ry to ko\u015bci\u00f3\u0142?<\/p>\n<p><span style=\"font-size: 16pt; font-family: Neuton, serif; background: #fafafa;\"><span style=\"color: #ff9900;\">Odpowied\u017a na zagadk\u0119: <\/span><span style=\"color: #ff9900;\"><span style=\"color: #000000;\">Ko\u015bci\u00f3\u0142 \u015bw. Wojciecha przy placu Dominika\u0144skim.<\/span><\/span><\/span><\/p>\n<p><img decoding=\"async\" loading=\"lazy\" class=\" wp-image-15429 aligncenter\" src=\"http:\/\/elzbieta.org\/wp-content\/uploads\/2021\/01\/CZESLAM-141x300.jpg\" alt=\"\" width=\"226\" height=\"481\" srcset=\"http:\/\/elzbieta.org\/wp-content\/uploads\/2021\/01\/CZESLAM-141x300.jpg 141w, http:\/\/elzbieta.org\/wp-content\/uploads\/2021\/01\/CZESLAM-481x1024.jpg 481w, http:\/\/elzbieta.org\/wp-content\/uploads\/2021\/01\/CZESLAM-70x150.jpg 70w, http:\/\/elzbieta.org\/wp-content\/uploads\/2021\/01\/CZESLAM.jpg 617w\" sizes=\"(max-width: 226px) 100vw, 226px\" \/><\/p>\n<hr>\n<p>&nbsp;<\/p>\n<p><span style=\"font-size: 20px; color: #ff0000;\">NIEDZIELA, 17.01.2021<\/span><\/p>\n<p><strong><span style=\"font-family: 'book antiqua', palatino, serif; color: #333399;\">B\u0141OGOS\u0141AWIONY JERZY POPIE\u0141USZKO<\/span><\/strong><\/p>\n<p><span style=\"color: #339966;\">Zagadka z Albumu:<\/span>&nbsp; By\u0142 on ministrantem. Wstawa\u0142 bardzo wcze\u015bnie, by 4 km i\u015b\u0107 na Msz\u0119 \u015bwi\u0119t\u0105. O kt\u00f3rej godzinie?<\/p>\n<p><span style=\"font-size: 16pt; font-family: Neuton, serif; background: #fafafa;\"><span style=\"color: #ff9900;\">Odpowied\u017a na zagadk\u0119: <\/span><span style=\"color: #ff9900;\"><span style=\"color: #000000;\">Jerzy wstawa\u0142 o 5 rano, by i\u015b\u0107 do ko\u015bcio\u0142a.<\/span><\/span><\/span><\/p>\n<p><img decoding=\"async\" loading=\"lazy\" class=\" wp-image-15417 aligncenter\" src=\"http:\/\/elzbieta.org\/wp-content\/uploads\/2021\/01\/Jerzy-Popieluszko-naklejka-141x300.jpg\" alt=\"\" width=\"249\" height=\"530\" srcset=\"http:\/\/elzbieta.org\/wp-content\/uploads\/2021\/01\/Jerzy-Popieluszko-naklejka-141x300.jpg 141w, http:\/\/elzbieta.org\/wp-content\/uploads\/2021\/01\/Jerzy-Popieluszko-naklejka-480x1024.jpg 480w, http:\/\/elzbieta.org\/wp-content\/uploads\/2021\/01\/Jerzy-Popieluszko-naklejka-70x150.jpg 70w, http:\/\/elzbieta.org\/wp-content\/uploads\/2021\/01\/Jerzy-Popieluszko-naklejka.jpg 615w\" sizes=\"(max-width: 249px) 100vw, 249px\" \/><\/p>\n<hr>\n<p>&nbsp;<\/p>\n<p><span style=\"font-size: 20px; color: #ff0000;\">NIEDZIELA, 10.01.2021<\/span><\/p>\n<p><strong><span style=\"font-family: 'book antiqua', palatino, serif; color: #333399;\">B\u0141OGOS\u0141AWIONA KAROLINA K\u00d3ZK\u00d3WNA<\/span><\/strong><\/p>\n<p><span style=\"color: #339966;\">Zagadka z Albumu:<\/span>&nbsp; Gdzie znajduje si\u0119 sanktuarium po\u015bwi\u0119cone tej b\u0142ogos\u0142awionej?<\/p>\n<p><span style=\"font-size: 16pt; font-family: Neuton, serif; background: #fafafa;\"><span style=\"color: #ff9900;\">Odpowied\u017a na zagadk\u0119: <\/span><span style=\"color: #ff9900;\"><span style=\"color: #000000;\">Sanktuarium po\u015bwi\u0119cone b\u0142.&nbsp; Karolinie K\u00f3zk\u00f3wnie znajduje si\u0119 w miejscowo\u015bci Zabawa.<\/span><\/span><\/span><\/p>\n<p><img decoding=\"async\" loading=\"lazy\" class=\"wp-image-15397 aligncenter\" src=\"http:\/\/elzbieta.org\/wp-content\/uploads\/2021\/01\/Karolina-137x300.jpg\" alt=\"\" width=\"248\" height=\"543\" srcset=\"http:\/\/elzbieta.org\/wp-content\/uploads\/2021\/01\/Karolina-137x300.jpg 137w, http:\/\/elzbieta.org\/wp-content\/uploads\/2021\/01\/Karolina-468x1024.jpg 468w, http:\/\/elzbieta.org\/wp-content\/uploads\/2021\/01\/Karolina-69x150.jpg 69w, http:\/\/elzbieta.org\/wp-content\/uploads\/2021\/01\/Karolina-768x1680.jpg 768w, http:\/\/elzbieta.org\/wp-content\/uploads\/2021\/01\/Karolina-702x1536.jpg 702w, http:\/\/elzbieta.org\/wp-content\/uploads\/2021\/01\/Karolina.jpg 769w\" sizes=\"(max-width: 248px) 100vw, 248px\" \/><\/p>\n<hr>\n<p>&nbsp;<\/p>\n<p><span style=\"font-size: 20px; color: #ff0000;\">NIEDZIELA, 3.01.2021<\/span><\/p>\n<p><strong><span style=\"font-family: 'book antiqua', palatino, serif; color: #333399;\">\u015aWI\u0118TY KRZYSZTOF<\/span><\/strong><\/p>\n<p><span style=\"color: #339966;\">Zagadka z Albumu:<\/span>&nbsp; Kogo przenosi\u0142 przez Jordan na swoich ramionach ten \u015bwi\u0119ty?<\/p>\n<p><span style=\"font-size: 16pt; font-family: Neuton, serif; background: #fafafa;\"><span style=\"color: #ff9900;\">Odpowied\u017a na zagadk\u0119: <\/span><span style=\"color: #ff9900;\"><span style=\"color: #000000;\">\u015awi\u0119ty Krzysztof przenosi\u0142 przez Jordan pielgrzym\u00f3w.<\/span><\/span><\/span><\/p>\n<p><img decoding=\"async\" loading=\"lazy\" class=\" wp-image-15379 aligncenter\" src=\"http:\/\/elzbieta.org\/wp-content\/uploads\/2021\/01\/KRZYSZTOF-143x300.jpg\" alt=\"\" width=\"188\" height=\"395\" srcset=\"http:\/\/elzbieta.org\/wp-content\/uploads\/2021\/01\/KRZYSZTOF-143x300.jpg 143w, http:\/\/elzbieta.org\/wp-content\/uploads\/2021\/01\/KRZYSZTOF-487x1024.jpg 487w, http:\/\/elzbieta.org\/wp-content\/uploads\/2021\/01\/KRZYSZTOF-71x150.jpg 71w, http:\/\/elzbieta.org\/wp-content\/uploads\/2021\/01\/KRZYSZTOF.jpg 708w\" sizes=\"(max-width: 188px) 100vw, 188px\" \/><\/p>\n<hr>\n<p>&nbsp;<\/p>\n<p><span style=\"font-size: 20px; color: #ff0000;\">NIEDZIELA, 27.12.2020&nbsp; <\/span><\/p>\n<p><span style=\"font-size: 20px; color: #ff0000;\"><span style=\"color: #800080;\">&nbsp;<span style=\"color: #333333;\">Niedziela \u015awi\u0119tej Rodziny<\/span><\/span><\/span><\/p>\n<p><strong><span style=\"font-family: 'book antiqua', palatino, serif; color: #333399;\">\u015aWI\u0118TY J\u00d3ZEF<\/span><\/strong><\/p>\n<p><span style=\"color: #339966;\">Zagadka z Albumu:<\/span>&nbsp; \u015awi\u0119ty ten przedstawiany jest z bia\u0142\u0105 lili\u0105 w d\u0142oni. Dlaczego?<\/p>\n<p><span style=\"font-size: 16pt; font-family: Neuton, serif; background: #fafafa;\"><span style=\"color: #ff9900;\">Odpowied\u017a na zagadk\u0119: <\/span><span style=\"color: #ff9900;\"><span style=\"color: #000000;\">\u015awi\u0119ty J\u00f3zef jest przedstawiany z bia\u0142\u0105 lili\u0105 , gdy\u017c jest ona symbolem czysto\u015bci .<\/span><\/span><\/span><\/p>\n<p><img decoding=\"async\" loading=\"lazy\" class=\" wp-image-15362 aligncenter\" src=\"http:\/\/elzbieta.org\/wp-content\/uploads\/2020\/12\/JOZEF-113x300.jpg\" alt=\"\" width=\"157\" height=\"413\"><\/p>\n<p>&nbsp;<\/p>\n<hr>\n<p><span style=\"font-size: 20px; color: #ff0000;\">NIEDZIELA, 20.12.2020&nbsp;<\/span><\/p>\n<p><span style=\"font-size: 20px; color: #ff0000;\"><span style=\"color: #800080;\">&nbsp;Czwarta niedziela Adwentu<\/span><\/span><\/p>\n<p><strong><span style=\"font-family: 'book antiqua', palatino, serif; color: #333399;\">\u015aWI\u0118TY KONRAD<\/span><\/strong><\/p>\n<p><span style=\"color: #339966;\">Zagadka z Albumu:<\/span>&nbsp; W jakim sanktuarium pos\u0142ugiwa\u0142 ten \u015bwi\u0119ty z wielkim oddaniem?<\/p>\n<p><span style=\"font-size: 16pt; font-family: Neuton, serif; background: #fafafa;\"><span style=\"color: #ff9900;\">Odpowied\u017a na zagadk\u0119: <\/span><span style=\"color: #ff9900;\"><span style=\"color: #000000;\">\u015awi\u0119ty Konrad pos\u0142ugiwa\u0142 w sanktuarium maryjnym \u015bw. Anny w Bawarii.<\/span><\/span><\/span><\/p>\n<p><img decoding=\"async\" loading=\"lazy\" class=\"alignnone wp-image-15332 aligncenter\" src=\"http:\/\/elzbieta.org\/wp-content\/uploads\/2020\/12\/KONRAD-90x300.jpg\" alt=\"\" width=\"137\" height=\"457\" srcset=\"http:\/\/elzbieta.org\/wp-content\/uploads\/2020\/12\/KONRAD-90x300.jpg 90w, http:\/\/elzbieta.org\/wp-content\/uploads\/2020\/12\/KONRAD-307x1024.jpg 307w, http:\/\/elzbieta.org\/wp-content\/uploads\/2020\/12\/KONRAD-45x150.jpg 45w, http:\/\/elzbieta.org\/wp-content\/uploads\/2020\/12\/KONRAD-460x1536.jpg 460w, http:\/\/elzbieta.org\/wp-content\/uploads\/2020\/12\/KONRAD.jpg 483w\" sizes=\"(max-width: 137px) 100vw, 137px\" \/><\/p>\n<p><span style=\"font-size: 20px; color: #ff0000;\">NIEDZIELA, 13.12.2020&nbsp; <\/span><\/p>\n<p><span style=\"font-size: 20px; color: #ff0000;\"><span style=\"color: #800080;\">Trzecia niedziela Adwentu<\/span><\/span><\/p>\n<p><strong><span style=\"font-family: 'book antiqua', palatino, serif; color: #333399;\">\u015aWI\u0118TY MAREK EWANGELISTA<\/span><\/strong><\/p>\n<p><span style=\"color: #339966;\">Zagadka z Albumu:<\/span>&nbsp; Kto prosi\u0142 tego \u015bwi\u0119tego o spisanie nauczania \u015bwi\u0119tego Piotra?<\/p>\n<p><span style=\"font-size: 16pt; font-family: Neuton, serif; background: #fafafa;\"><span style=\"color: #ff9900;\">Odpowied\u017a na zagadk\u0119: <\/span><span style=\"color: #ff9900;\"><span style=\"color: #000000;\">O spisanie nauczania \u015bwi\u0119tego Piotra prosili go ci, kt\u00f3rzy s\u0142uchali tego, co m\u00f3wi\u0142 \u015bw. Piotr.<\/span><\/span><\/span><\/p>\n<p><img decoding=\"async\" loading=\"lazy\" class=\" wp-image-15312 aligncenter\" src=\"http:\/\/elzbieta.org\/wp-content\/uploads\/2020\/12\/MAREK-EW-165x300.jpg\" alt=\"\" width=\"226\" height=\"410\" srcset=\"http:\/\/elzbieta.org\/wp-content\/uploads\/2020\/12\/MAREK-EW-165x300.jpg 165w, http:\/\/elzbieta.org\/wp-content\/uploads\/2020\/12\/MAREK-EW-563x1024.jpg 563w, http:\/\/elzbieta.org\/wp-content\/uploads\/2020\/12\/MAREK-EW-82x150.jpg 82w, http:\/\/elzbieta.org\/wp-content\/uploads\/2020\/12\/MAREK-EW-768x1397.jpg 768w, http:\/\/elzbieta.org\/wp-content\/uploads\/2020\/12\/MAREK-EW-845x1536.jpg 845w, http:\/\/elzbieta.org\/wp-content\/uploads\/2020\/12\/MAREK-EW.jpg 882w\" sizes=\"(max-width: 226px) 100vw, 226px\" \/><\/p>\n<hr>\n<p>&nbsp;<\/p>\n<p><span style=\"font-size: 20px; color: #ff0000;\">NIEDZIELA, 6.12.2020&nbsp; <\/span><\/p>\n<p><span style=\"font-size: 20px; color: #ff0000;\"><span style=\"color: #800080;\">Druga niedziela Adwentu<\/span><\/span><\/p>\n<p><strong><span style=\"font-family: 'book antiqua', palatino, serif; color: #333399;\">\u015aWI\u0118TY MATEUSZ EWANGELISTA<\/span><\/strong><\/p>\n<p><span style=\"color: #339966;\">Zagadka z Albumu:<\/span> Co ten \u015bwi\u0119ty powiedzia\u0142 na s\u0142owa Pana Jezusa?<\/p>\n<p><span style=\"font-size: 16pt; font-family: Neuton, serif; background: #fafafa;\"><span style=\"color: #ff9900;\">Odpowied\u017a na zagadk\u0119: <\/span><span style=\"color: #ff9900;\"><span style=\"color: #000000;\">\u015awi\u0119ty Mateusz Ewangelista na s\u0142owa Jezusa &#8220;P\u00f3jd\u017a za Mn\u0105&#8221; nic nie odpowiedzia\u0142. Wsta\u0142 i&nbsp; poszed\u0142 za Panem Jezusem.<\/span><\/span><\/span><\/p>\n<p><img decoding=\"async\" loading=\"lazy\" class=\" wp-image-15251 aligncenter\" src=\"http:\/\/elzbieta.org\/wp-content\/uploads\/2020\/12\/Mateusz-186x300.jpg\" alt=\"\" width=\"248\" height=\"401\" srcset=\"http:\/\/elzbieta.org\/wp-content\/uploads\/2020\/12\/Mateusz-186x300.jpg 186w, http:\/\/elzbieta.org\/wp-content\/uploads\/2020\/12\/Mateusz-635x1024.jpg 635w, http:\/\/elzbieta.org\/wp-content\/uploads\/2020\/12\/Mateusz-93x150.jpg 93w, http:\/\/elzbieta.org\/wp-content\/uploads\/2020\/12\/Mateusz-768x1239.jpg 768w, http:\/\/elzbieta.org\/wp-content\/uploads\/2020\/12\/Mateusz-952x1536.jpg 952w, http:\/\/elzbieta.org\/wp-content\/uploads\/2020\/12\/Mateusz.jpg 1052w\" sizes=\"(max-width: 248px) 100vw, 248px\" \/><\/p>\n<hr>\n<p>&nbsp;<\/p>\n<p><span style=\"font-size: 20px; color: #ff0000;\">NIEDZIELA, 29.11.2020&nbsp; <\/span><\/p>\n<p><span style=\"font-size: 20px; color: #ff0000;\"><span style=\"color: #800080;\">Pierwsza niedziela Adwentu<\/span><\/span><\/p>\n<p><strong><span style=\"font-family: 'book antiqua', palatino, serif; color: #333399;\">\u015aWI\u0118TY JAN EWANGELISTA<\/span><\/strong><\/p>\n<p><span style=\"color: #339966;\">Zagadka z Albumu:<\/span> \u015awi\u0119ty ten zanim zosta\u0142 uczniem Pana Jezusa by\u0142 uczniem &#8230;&nbsp;<\/p>\n<p><span style=\"font-size: 16pt; font-family: Neuton, serif; background: #fafafa;\"><span style=\"color: #ff9900;\">Odpowied\u017a na zagadk\u0119: <\/span><span style=\"color: #ff9900;\"><span style=\"color: #000000;\">\u015awi\u0119ty Jan Ewangelista by\u0142 najpierw uczniem Jana Chrzciciela.<\/span><\/span><\/span><\/p>\n<p><img decoding=\"async\" loading=\"lazy\" class=\"alignnone wp-image-15196 aligncenter\" src=\"http:\/\/elzbieta.org\/wp-content\/uploads\/2020\/11\/JAN-EWANGELISTA-200x300.jpg\" alt=\"\" width=\"286\" height=\"429\" srcset=\"http:\/\/elzbieta.org\/wp-content\/uploads\/2020\/11\/JAN-EWANGELISTA-200x300.jpg 200w, http:\/\/elzbieta.org\/wp-content\/uploads\/2020\/11\/JAN-EWANGELISTA-684x1024.jpg 684w, http:\/\/elzbieta.org\/wp-content\/uploads\/2020\/11\/JAN-EWANGELISTA-100x150.jpg 100w, http:\/\/elzbieta.org\/wp-content\/uploads\/2020\/11\/JAN-EWANGELISTA-768x1150.jpg 768w, http:\/\/elzbieta.org\/wp-content\/uploads\/2020\/11\/JAN-EWANGELISTA-1026x1536.jpg 1026w, http:\/\/elzbieta.org\/wp-content\/uploads\/2020\/11\/JAN-EWANGELISTA.jpg 1191w\" sizes=\"(max-width: 286px) 100vw, 286px\" \/><\/p>\n<hr>\n<p>&nbsp;<\/p>\n<p><span style=\"font-size: 20px; color: #ff0000;\">NIEDZIELA, 22.11.2020<\/span><\/p>\n<p><strong><span style=\"font-family: 'book antiqua', palatino, serif; color: #333399;\">\u015aWI\u0118TY \u0141UKASZ EWANGELISTA<\/span><\/strong><\/p>\n<p><span style=\"color: #339966;\">Zagadka z Albumu:<\/span> \u015awi\u0119ty ten by\u0142 bardzo dobrze wykszta\u0142cony. Kim by\u0142 z zawodu?<\/p>\n<p><span style=\"font-size: 16pt; font-family: Neuton, serif; background: #fafafa;\"><span style=\"color: #ff9900;\">Odpowied\u017a na zagadk\u0119: <\/span><span style=\"color: #ff9900;\"><span style=\"color: #000000;\">\u015awi\u0119ty \u0141ukasz Ewangelista z zawodu by\u0142 lekarzem.<\/span><\/span><\/span><\/p>\n<p><img decoding=\"async\" loading=\"lazy\" class=\"wp-image-15128 aligncenter\" src=\"http:\/\/elzbieta.org\/wp-content\/uploads\/2020\/11\/Lukasz-204x300.jpg\" alt=\"\" width=\"320\" height=\"472\" srcset=\"http:\/\/elzbieta.org\/wp-content\/uploads\/2020\/11\/Lukasz-204x300.jpg 204w, http:\/\/elzbieta.org\/wp-content\/uploads\/2020\/11\/Lukasz-102x150.jpg 102w\" sizes=\"(max-width: 320px) 100vw, 320px\" \/><\/p>\n<hr>\n<p><span style=\"font-size: 20px; color: #ff0000;\">WTOREK, 17.11.2020<\/span><\/p>\n<p><strong><span style=\"font-family: 'book antiqua', palatino, serif; color: #333399;\">ODPUST PARAFIALNY KU CZCI \u015aWI\u0118TEJ EL\u017bBIETY<\/span><\/strong><\/p>\n<p><span style=\"color: #339966;\">Zadanie.&nbsp; <\/span>Jako pami\u0105tk\u0119 odpustu otrzymali\u015bmy 2 poczt\u00f3wki ze \u015bw. El\u017cbiet\u0105 i specjalny d\u0142ugopis. Na jednej kartce wpisz swoje postanowienie &#8211; co zrobi\u0119 w tym tygodniu bior\u0105c przyk\u0142ad z naszej patronki. Na drugiej wpisz pozdrowienia, \u017cyczenia, mi\u0142e s\u0142owa dla kogo\u015b &#8211; mo\u017ce dla dziadk\u00f3w, mo\u017ce dla pani s\u0105siadki albo innej osoby i przeka\u017c jej t\u0119 kartk\u0119.<\/p>\n<p><img decoding=\"async\" loading=\"lazy\" class=\"wp-image-15124 aligncenter\" src=\"http:\/\/elzbieta.org\/wp-content\/uploads\/2020\/11\/02-Odpust-Irena-Bortkiewicz-SP-109-300x212.jpg\" alt=\"\" width=\"519\" height=\"365\" srcset=\"http:\/\/elzbieta.org\/wp-content\/uploads\/2020\/11\/02-Odpust-Irena-Bortkiewicz-SP-109-300x212.jpg 300w, http:\/\/elzbieta.org\/wp-content\/uploads\/2020\/11\/02-Odpust-Irena-Bortkiewicz-SP-109-150x106.jpg 150w\" sizes=\"(max-width: 519px) 100vw, 519px\" \/><\/p>\n<hr>\n<p>&nbsp;<\/p>\n<p><span style=\"font-size: 20px; color: #ff0000;\">NIEDZIELA, 15.11.2020<\/span><\/p>\n<p><strong><span style=\"font-family: 'book antiqua', palatino, serif; color: #333399;\">\u015aWI\u0118TA EL\u017bBIETA<\/span><\/strong><\/p>\n<p><span style=\"color: #339966;\">Zagadka z Albumu:<\/span> \u015awi\u0119ta ta po \u015bmierci m\u0119\u017ca opu\u015bci\u0142a zamek. Gdzie zamieszka\u0142a?<\/p>\n<p><span style=\"font-size: 16pt; font-family: Neuton, serif; background: #fafafa;\"><span style=\"color: #ff9900;\">Odpowied\u017a na zagadk\u0119: <\/span><span style=\"color: #ff9900;\"><span style=\"color: #000000;\">\u015awi\u0119ta El\u017cbieta po \u015bmierci m\u0119\u017ca opu\u015bci\u0142a zamek i zamieszka\u0142a w szpitalu, kt\u00f3ry sama ufundowa\u0142a i w kt\u00f3rym opiekowa\u0142a si\u0119 chorymi.<\/span><\/span><\/span><\/p>\n<p><img decoding=\"async\" loading=\"lazy\" class=\"wp-image-15083 aligncenter\" src=\"http:\/\/elzbieta.org\/wp-content\/uploads\/2020\/11\/Elzbieta-3-150x300.jpg\" alt=\"\" width=\"209\" height=\"420\" srcset=\"http:\/\/elzbieta.org\/wp-content\/uploads\/2020\/11\/Elzbieta-3-150x300.jpg 150w, http:\/\/elzbieta.org\/wp-content\/uploads\/2020\/11\/Elzbieta-3-511x1024.jpg 511w, http:\/\/elzbieta.org\/wp-content\/uploads\/2020\/11\/Elzbieta-3-75x150.jpg 75w, http:\/\/elzbieta.org\/wp-content\/uploads\/2020\/11\/Elzbieta-3-768x1539.jpg 768w, http:\/\/elzbieta.org\/wp-content\/uploads\/2020\/11\/Elzbieta-3-767x1536.jpg 767w, http:\/\/elzbieta.org\/wp-content\/uploads\/2020\/11\/Elzbieta-3.jpg 834w\" sizes=\"(max-width: 209px) 100vw, 209px\" \/><\/p>\n<hr>\n<p>&nbsp;<\/p>\n<p><span style=\"font-size: 20px; color: #ff0000;\">NIEDZIELA, 8 .11.2020<\/span><\/p>\n<p><strong><span style=\"font-family: 'book antiqua', palatino, serif; color: #333399;\">\u015aWI\u0118TA EL\u017bBIETA<\/span><\/strong><\/p>\n<p><span style=\"color: #339966;\">Zagadka z Albumu:<\/span> \u015awi\u0119ta ta by\u0142a blisko spokrewniona ze \u015bwi\u0119t\u0105 Jadwig\u0105 \u015al\u0105sk\u0105. Jakie to pokrewie\u0144stwo?<\/p>\n<p><span style=\"font-size: 16pt; font-family: Neuton, serif; background: #fafafa;\"><span style=\"color: #ff9900;\">Odpowied\u017a na zagadk\u0119: <\/span><span style=\"color: #ff9900;\"><span style=\"color: #000000;\">Mama \u015bwi\u0119tej El\u017cbiety by\u0142a siostr\u0105 \u015bwi\u0119tej Jadwigi \u015al\u0105skiej.<\/span><\/span><\/span><\/p>\n<p><img decoding=\"async\" loading=\"lazy\" class=\"wp-image-14981 aligncenter\" src=\"http:\/\/elzbieta.org\/wp-content\/uploads\/2020\/11\/ELZBIETA-104x300.jpg\" alt=\"\" width=\"173\" height=\"499\" srcset=\"http:\/\/elzbieta.org\/wp-content\/uploads\/2020\/11\/ELZBIETA-104x300.jpg 104w, http:\/\/elzbieta.org\/wp-content\/uploads\/2020\/11\/ELZBIETA-355x1024.jpg 355w, http:\/\/elzbieta.org\/wp-content\/uploads\/2020\/11\/ELZBIETA-52x150.jpg 52w, http:\/\/elzbieta.org\/wp-content\/uploads\/2020\/11\/ELZBIETA-532x1536.jpg 532w, http:\/\/elzbieta.org\/wp-content\/uploads\/2020\/11\/ELZBIETA.jpg 581w\" sizes=\"(max-width: 173px) 100vw, 173px\" \/><\/p>\n<p>&nbsp;<\/p>\n<hr>\n<p><span style=\"font-size: 20px; color: #ff0000;\">NIEDZIELA, 1.11.2020<\/span><\/p>\n<p><strong><span style=\"font-family: 'book antiqua', palatino, serif; color: #333399;\">\u015aWI\u0118TY BRAT ALBERT<\/span><\/strong><\/p>\n<p><span style=\"color: #339966;\">Zagadka z Albumu:<\/span> Jak nazywa\u0142 si\u0119 ten \u015bwi\u0119ty zanim przyj\u0105\u0142 imi\u0119 zakonne?<\/p>\n<p><span style=\"font-size: 16pt; font-family: Neuton, serif; background: #fafafa;\"><span style=\"color: #ff9900;\">Odpowied\u017a na zagadk\u0119: <span style=\"color: #000000;\">\u015awi\u0119ty ten nazywa\u0142 si\u0119 Adam Chmielowski.<\/span><\/span><\/span><\/p>\n<p><img decoding=\"async\" loading=\"lazy\" class=\"wp-image-14932 aligncenter\" src=\"http:\/\/elzbieta.org\/wp-content\/uploads\/2020\/10\/swiety-Albert-112x300.jpg\" alt=\"\" width=\"172\" height=\"460\" srcset=\"http:\/\/elzbieta.org\/wp-content\/uploads\/2020\/10\/swiety-Albert-112x300.jpg 112w, http:\/\/elzbieta.org\/wp-content\/uploads\/2020\/10\/swiety-Albert-383x1024.jpg 383w, http:\/\/elzbieta.org\/wp-content\/uploads\/2020\/10\/swiety-Albert-56x150.jpg 56w, http:\/\/elzbieta.org\/wp-content\/uploads\/2020\/10\/swiety-Albert-574x1536.jpg 574w, http:\/\/elzbieta.org\/wp-content\/uploads\/2020\/10\/swiety-Albert.jpg 644w\" sizes=\"(max-width: 172px) 100vw, 172px\" \/><\/p>\n<hr>\n<p>&nbsp;<\/p>\n<p><span style=\"font-size: 20px; color: #ff0000;\">NIEDZIELA, 25.10.2020<\/span><\/p>\n<p><strong><span style=\"font-family: 'book antiqua', palatino, serif; color: #333399;\">\u015aWI\u0118TY JACEK<\/span><\/strong><\/p>\n<p><span style=\"color: #339966;\">Zagadka z Albumu:<\/span> \u015awi\u0119ty ten nazywany jest &#8220;\u015bwi\u0119tym z pierogami&#8221;. Dlaczego?<\/p>\n<p style=\"text-align: justify; background: #FAFAFA; margin: 0cm 0cm 8.25pt 0cm;\"><span style=\"font-size: 16pt; font-family: Neuton, serif; background: #fafafa;\"><span style=\"color: #ff9900;\">Odpowied\u017a na zagadk\u0119: <\/span><span style=\"color: #ff9900;\"><span style=\"color: #000000;\">\u015awi\u0119ty Jacek dokona\u0142 cudu &#8211; uratowa\u0142 zniszczone zbo\u017ce. Ze zbo\u017ca mo\u017cna by\u0142o zrobi\u0107 m\u0105k\u0119, a z niej pierogi.<\/span><\/span><\/span><\/p>\n<p><img decoding=\"async\" loading=\"lazy\" class=\"wp-image-14905 aligncenter\" src=\"http:\/\/elzbieta.org\/wp-content\/uploads\/2020\/10\/Jacek-Odrowaz-124x300.jpg\" alt=\"\" width=\"218\" height=\"528\" srcset=\"http:\/\/elzbieta.org\/wp-content\/uploads\/2020\/10\/Jacek-Odrowaz-124x300.jpg 124w, http:\/\/elzbieta.org\/wp-content\/uploads\/2020\/10\/Jacek-Odrowaz-62x150.jpg 62w\" sizes=\"(max-width: 218px) 100vw, 218px\" \/><\/p>\n<p>&nbsp;<\/p>\n<p><span style=\"color: #ff6600;\"><span style=\"color: #3366ff;\">Szerszy opis: <\/span><\/span><\/p>\n<p><strong>&#8220;\u015awi\u0119ty Jacku z pierogami, m\u00f3dl si\u0119 za nami\u201d.<\/strong><\/p>\n<p>W pewnej wsi grad zniszczy\u0142 zbo\u017ce. Gospodarze obawiali si\u0119 g\u0142odu. Gdy zjawi\u0142 si\u0119 ojciec Jacek b\u0142agali go o wstawiennictwo u Boga. Ojciec Jacek wzni\u00f3s\u0142 oczy ku niebu i oto zniszczone zbo\u017ce podnios\u0142o si\u0119. By\u0142o ziarno, z ziarna m\u0105ka, a z m\u0105ki \u2013 pierogi!<\/p>\n<p>Pierwszy polski \u015bwi\u0119ty misjonarz. Kszta\u0142ci\u0142 si\u0119 we W\u0142oszech i tam z r\u0105k \u015bwi\u0119tego Dominika przyj\u0105\u0142 habit zakonny.&nbsp;<\/p>\n<p>Gdy by\u0142 na misjach, uciekaj\u0105c od Tatar\u00f3w, kt\u00f3rzy podpalili ko\u015bci\u00f3\u0142, zabra\u0142 Naj\u015bwi\u0119tszy Sakrament. W\u00f3wczas us\u0142ysza\u0142 g\u0142os: &#8220;Jacku, zabierasz Syna a zostawiasz Matk\u0119?&#8221; Matka Bo\u017ca obieca\u0142a mu, \u017ce nie b\u0119dzie dla niego ci\u0119\u017carem. Jacek zabra\u0142 tez figur\u0119 Matki Bo\u017cej. Rzeczywi\u015bcie figura by\u0142a bardzo lekka.<\/p>\n<p>Wizerunek \u015bwi\u0119tego Jacka znajduje si\u0119 na witra\u017cu w&nbsp; prezbiterium po lewej stronie.<\/p>\n<hr>\n<p>&nbsp;<\/p>\n<p><span style=\"font-size: 20px; color: #ff0000;\">NIEDZIELA, 18.10.2020<\/span><\/p>\n<p><strong><span style=\"font-family: 'book antiqua', palatino, serif; color: #333399;\">\u015aWI\u0118TY JUDA TADEUSZ<\/span><\/strong><\/p>\n<p><span style=\"color: #339966;\">Zagadka z Albumu:<\/span> Ile list\u00f3w w Pi\u015bmie \u015bwi\u0119tym jest autorstwa \u015bwi\u0119tego Judy Tadeusza?<\/p>\n<p style=\"text-align: justify; background: #FAFAFA; margin: 0cm 0cm 8.25pt 0cm;\"><span style=\"font-size: 16pt; font-family: Neuton, serif; background: #fafafa;\"><span style=\"color: #ff9900;\">Odpowied\u017a na zagadk\u0119: <\/span><span style=\"color: #ff9900;\"><span style=\"color: #000000;\">W Pi\u015bmie \u015bwi\u0119tym jest jeden list autorstwa Aposto\u0142a Judy Tadeusza.<\/span><\/span><\/span><\/p>\n<p><img decoding=\"async\" loading=\"lazy\" class=\"wp-image-14831 aligncenter\" src=\"http:\/\/elzbieta.org\/wp-content\/uploads\/2020\/10\/JUDA-TADEUSZ-96x300.jpg\" alt=\"\" width=\"177\" height=\"553\" srcset=\"http:\/\/elzbieta.org\/wp-content\/uploads\/2020\/10\/JUDA-TADEUSZ-96x300.jpg 96w, http:\/\/elzbieta.org\/wp-content\/uploads\/2020\/10\/JUDA-TADEUSZ-48x150.jpg 48w\" sizes=\"(max-width: 177px) 100vw, 177px\" \/><\/p>\n<p><span style=\"color: #ff6600;\"><span style=\"color: #3366ff;\">Szerszy opis: <\/span><\/span>Wizerunek Judy Tadeusza znajduje si\u0119 na czwartym filarze po prawej stronie od wej\u015bcia g\u0142\u00f3wnego.<\/p>\n<p>\u015awi\u0119ty Juda Tadeusz jest bratem Jakuba Aposto\u0142a. Nale\u017ca\u0142 do 12 Aposto\u0142\u00f3w Pana Jezusa.<\/p>\n<p>Jego przydomek &#8220;Tadeusz&#8221; oznacza odwa\u017cny.<\/p>\n<p>Przedstawiany jest z maczug\u0105, bo od niej zgin\u0105\u0142, poni\u00f3s\u0142 \u015bmier\u0107 m\u0119cze\u0144sk\u0105.<\/p>\n<p>Przyjaciel opuszczonych i zrozpaczonych.<\/p>\n<p>Jest patronem od spraw beznadziejnych. Przywraca nadziej\u0119, oddala trwog\u0119, wlewa w serca otuch\u0119.<\/p>\n<hr>\n<p>&nbsp;<\/p>\n<p><span style=\"font-size: 20px; color: #ff0000;\">NIEDZIELA, 11.10.2020<\/span><\/p>\n<p><strong><span style=\"font-family: 'book antiqua', palatino, serif; color: #333399;\">\u015aWI\u0118TA JADWIGA<\/span><\/strong><\/p>\n<p><span style=\"color: #339966;\">Zagadka z Albumu:<\/span>&nbsp;\u015awi\u0119ta ta przedstawiana jest z budynkiem ko\u015bcio\u0142a. Czy rozpoznajesz jaki to ko\u015bci\u00f3\u0142?<\/p>\n<p style=\"text-align: justify; background: #FAFAFA; margin: 0cm 0cm 8.25pt 0cm;\"><span style=\"font-size: 16pt; font-family: Neuton, serif; background: #fafafa;\"><span style=\"color: #ff9900;\">Odpowied\u017a na zagadk\u0119: <span style=\"color: #000000;\">Na naklejce \u015bwi\u0119ta Jadwiga&nbsp;<\/span><\/span><\/span><span style=\"color: #000000;\"><span style=\"font-family: Neuton, serif; font-size: 21.3333px; font-weight: inherit;\">jest<\/span><span style=\"font-family: Neuton, serif; font-size: 21.3333px; font-weight: inherit;\">&nbsp;<\/span><span style=\"font-family: Neuton, serif; font-size: 16pt; font-weight: inherit;\">&nbsp;przedstawiona z naszym ko\u015bcio\u0142em parafialnym.<\/span><\/span><\/p>\n<p style=\"text-align: justify;\"><span style=\"color: #ff6600;\"><span style=\"color: #3366ff;\">Szerszy opis:&nbsp;&nbsp;<\/span><\/span>\u015awi\u0119ta Jadwiga fundowa\u0142a ko\u015bcio\u0142y i klasztory. Dlatego przedstawiana jest cz\u0119sto z budynkiem ko\u015bcio\u0142a w r\u0119ku.&nbsp; \u015awi\u0119ta ta ufundowa\u0142a mi\u0119dzy innymi ko\u015bci\u00f3\u0142 i klasztor w Trzebnicy. Na figurze znajduj\u0105cej si\u0119 w naszym ko\u015bciele, r\u00f3wnie\u017c pokazana jest z ko\u015bcio\u0142em. Tym razem ko\u015bci\u00f3\u0142 znajduje si\u0119 u jej st\u00f3p. Jest to bry\u0142a naszego ko\u015bcio\u0142a parafialnego \u015bw. El\u017cbiety.<\/p>\n<p><img decoding=\"async\" loading=\"lazy\" class=\"wp-image-14755 aligncenter\" src=\"http:\/\/elzbieta.org\/wp-content\/uploads\/2020\/10\/Jadwiga-100x300.jpg\" alt=\"\" width=\"209\" height=\"627\" srcset=\"http:\/\/elzbieta.org\/wp-content\/uploads\/2020\/10\/Jadwiga-100x300.jpg 100w, http:\/\/elzbieta.org\/wp-content\/uploads\/2020\/10\/Jadwiga-50x150.jpg 50w, http:\/\/elzbieta.org\/wp-content\/uploads\/2020\/10\/Jadwiga-342x1024.jpg 342w\" sizes=\"(max-width: 209px) 100vw, 209px\" \/><img decoding=\"async\" loading=\"lazy\" class=\"alignnone wp-image-14759\" style=\"font-weight: inherit;\" src=\"http:\/\/elzbieta.org\/wp-content\/uploads\/2020\/10\/jadwiga-na-slajdy-8-300x209.jpg\" alt=\"\" width=\"553\" height=\"385\" srcset=\"http:\/\/elzbieta.org\/wp-content\/uploads\/2020\/10\/jadwiga-na-slajdy-8-300x209.jpg 300w, http:\/\/elzbieta.org\/wp-content\/uploads\/2020\/10\/jadwiga-na-slajdy-8-150x105.jpg 150w, http:\/\/elzbieta.org\/wp-content\/uploads\/2020\/10\/jadwiga-na-slajdy-8-768x536.jpg 768w, http:\/\/elzbieta.org\/wp-content\/uploads\/2020\/10\/jadwiga-na-slajdy-8-1024x715.jpg 1024w\" sizes=\"(max-width: 553px) 100vw, 553px\" \/><\/p>\n<p>\u015awi\u0119ta Jadwiga nazywana jest bos\u0105 ksi\u0119\u017cn\u0105.<\/p>\n<p>\u015awi\u0119ta Jadwiga \u017cy\u0142a bardzo skromnie, nawet chodzi\u0142a boso. Dlatego widzimy j\u0105 na obrazach z butami w r\u0119ku. W ten spos\u00f3b wskazywa\u0142a, \u017ce jest blisko najubo\u017cszych, kt\u00f3rych bardzo wspiera\u0142a.<\/p>\n<p><img decoding=\"async\" loading=\"lazy\" class=\"alignnone wp-image-14761\" src=\"http:\/\/elzbieta.org\/wp-content\/uploads\/2020\/10\/jadwiga-na-slajdy-10-300x202.jpg\" alt=\"\" width=\"547\" height=\"368\" srcset=\"http:\/\/elzbieta.org\/wp-content\/uploads\/2020\/10\/jadwiga-na-slajdy-10-300x202.jpg 300w, http:\/\/elzbieta.org\/wp-content\/uploads\/2020\/10\/jadwiga-na-slajdy-10-150x101.jpg 150w, http:\/\/elzbieta.org\/wp-content\/uploads\/2020\/10\/jadwiga-na-slajdy-10-768x517.jpg 768w, http:\/\/elzbieta.org\/wp-content\/uploads\/2020\/10\/jadwiga-na-slajdy-10-1024x690.jpg 1024w\" sizes=\"(max-width: 547px) 100vw, 547px\" \/><\/p>\n<p>Na figurze znajduj\u0105cej si\u0119 w naszym ko\u015bciele, r\u00f3wnie\u017c trzyma buty w r\u0119ku. W opisach jej \u017cycia czytamy, \u017ce Henryk w trosce o jej zdrowie zabrania\u0142 Jadwidze chodzenia boso, a gdy to nie przynosi\u0142o rezultat\u00f3w poprosi\u0142 jej spowiednika \u017ceby nakaza\u0142 Jadwidze noszenie&nbsp; but\u00f3w. W\u00f3wczas \u015bwi\u0119ta wywi\u0105za\u0142a si\u0119 z nakazu. Nosi\u0142a je w r\u0119ku.<\/p>\n<hr>\n<p><span style=\"font-size: 20px; color: #ff0000;\">NIEDZIELA, 4.10.2020<\/span><\/p>\n<p><strong><span style=\"font-family: 'book antiqua', palatino, serif; color: #333399;\">\u015aWI\u0118TY FRANCISZEK<\/span><\/strong><\/p>\n<p><span style=\"color: #339966;\">Zagadka z Albumu:<\/span> <span style=\"color: #000000;\">Pan Jezus powiedzia\u0142 temu \u015bwi\u0119temu, \u017ceby odbudowa\u0142 Jego dom. Co zrobi\u0142 \u015bwi\u0119ty?<\/span><\/p>\n<p style=\"text-align: justify; background: #FAFAFA; margin: 0cm 0cm 8.25pt 0cm;\"><span style=\"font-size: 16.0pt; font-family: 'Neuton',serif; color: #5a5a5a; background: #FAFAFA;\"><span style=\"color: #ff9900;\">Odpowied\u017a na zagadk\u0119:&nbsp; <span style=\"color: #000000;\">\u015awi\u0119ty Franciszek w<\/span><\/span><span style=\"color: #000000;\">yremontowa\u0142 ko\u015bci\u00f3\u0142ek w San Damiano. Dopiero p\u00f3\u017aniej zrozumia\u0142, <\/span><\/span><span style=\"font-size: 16pt; font-family: Neuton, serif; color: #000000;\">\u017ce Panu Jezusowi nie chodzi\u0142o o ko\u015bci\u00f3\u0142 z ceg\u0142y, lecz o Ko\u015bci\u00f3\u0142 sk\u0142adaj\u0105cy si\u0119 z wierz\u0105cych w Pana Boga.<\/span><\/p>\n<p style=\"text-align: justify;\"><span style=\"color: #ff6600;\"><span style=\"color: #3366ff;\">Szerszy opis:&nbsp;&nbsp;<\/span><\/span>Pewnego razu, gdy \u015bwi\u0119ty Franciszek modli\u0142 si\u0119 w ko\u015bci\u00f3\u0142ku San Damiano objawi\u0142 mu si\u0119 Pan Jezus, kt\u00f3ry powiedzia\u0142: \u201eFranciszku, napraw m\u00f3j dom\u201d. Franciszek wzi\u0105\u0142 pieni\u0105dze bogatego ojca i przeznaczy\u0142 na remont ko\u015bcio\u0142a. Sam te\u017c pracowa\u0142 przy odbudowie \u015bwi\u0105tyni. Z czasem odda\u0142 ojcu, co wzi\u0105\u0142 z rodzinnego maj\u0105tku. Pewnego dnia, po rozmy\u015blaniu s\u0142\u00f3w Pana Jezusa, zrzuci\u0142 z siebie bogate szaty, zostawi\u0142 dom i poszed\u0142, by s\u0142u\u017cy\u0107 Bogu i ubogim. Wtedy te\u017c zrozumia\u0142, \u017ce Panu Jezusowi nie chodzi\u0142o o ko\u015bci\u00f3\u0142 z ceg\u0142y, lecz o Ko\u015bci\u00f3\u0142 sk\u0142adaj\u0105cy si\u0119 z wierz\u0105cych w Pana Boga. Przemierza\u0142 Itali\u0119 g\u0142osz\u0105c s\u0142owo Bo\u017ce. S\u0142u\u017cy\u0142 ubogim i chorym. Sam jad\u0142 i pi\u0142 jedynie to, co podarowali mu ludzie. By\u0142 \u017cebrakiem. Stara\u0142 si\u0119 na\u015bladowa\u0107 Pana Jezusa. Otrzyma\u0142 nawet stygmaty, czyli rany na ciele w miejscach, gdzie mia\u0142 Chrystus. Za\u0142o\u017cy\u0142 zakon franciszkan\u00f3w, by te\u017c inni mogli p\u00f3j\u015b\u0107 jego drog\u0105. Po Matce Bo\u017cej jest najbardziej znanym \u015bwi\u0119tym.<\/p>\n<p><img decoding=\"async\" loading=\"lazy\" class=\"wp-image-14753 aligncenter\" src=\"http:\/\/elzbieta.org\/wp-content\/uploads\/2020\/10\/Franciszek-147x300.jpg\" alt=\"\" width=\"229\" height=\"467\" srcset=\"http:\/\/elzbieta.org\/wp-content\/uploads\/2020\/10\/Franciszek-147x300.jpg 147w, http:\/\/elzbieta.org\/wp-content\/uploads\/2020\/10\/Franciszek-74x150.jpg 74w, http:\/\/elzbieta.org\/wp-content\/uploads\/2020\/10\/Franciszek-768x1567.jpg 768w, http:\/\/elzbieta.org\/wp-content\/uploads\/2020\/10\/Franciszek-502x1024.jpg 502w, http:\/\/elzbieta.org\/wp-content\/uploads\/2020\/10\/Franciszek.jpg 833w\" sizes=\"(max-width: 229px) 100vw, 229px\" \/><\/p>\n<p><iframe loading=\"lazy\" src=\"\/\/www.youtube.com\/embed\/rDWjqBONJic\" width=\"560\" height=\"314\" allowfullscreen=\"allowfullscreen\"><\/iframe><\/p>\n<p>&nbsp;<\/p>\n<hr>\n<p><span style=\"font-size: 20px; color: #ff0000;\">NIEDZIELA, 27.09.2020<\/span><\/p>\n<p><strong><span style=\"font-family: 'book antiqua', palatino, serif; color: #333399;\">\u015aWI\u0118TY ANTONI<\/span><\/strong><\/p>\n<p><span style=\"color: #339966;\">Zagadka z Albumu: <span style=\"color: #000000;\">\u015awi\u0119ty ten przedstawiany jest cz\u0119sto z Dzieci\u0105tkiem Jezus. Dlaczego?<\/span><\/span><\/p>\n<p><span style=\"color: #ff9900;\">Odpowied\u017a na zagadk\u0119: <span style=\"color: #000000;\">\u015awi\u0119ty Antoni przedstawiany jest z Dzieci\u0105tkiem Jezus, gdy\u017c Dzieci\u0105tko Jezus przysz\u0142o do \u015bwi\u0119tego i przytula\u0142o si\u0119 do niego, kiedy odpoczywa\u0142 on u hrabiego Tiso po 40 dniach g\u0142oszenia kaza\u0144.&nbsp;<\/span><\/span><\/p>\n<p><span style=\"color: #ff6600;\"><span style=\"color: #3366ff;\">Szerszy opis:<\/span>&nbsp;<\/span>Hrabiemu Tiso, w\u0142a\u015bcicielowi d\u00f3br Camposampiero, kt\u00f3ry zaprosi\u0142 do siebie ci\u0119\u017cko chorego \u015bw. Antoniego na odpoczynek, po tym jak w ci\u0105gu Wielkiego Postu, przez 40 kolejnych dni, g\u0142osi\u0142 on w Padwie kazania. Gospodarz cz\u0119sto odwiedza\u0142 swego go\u015bcia i pewnego razu, zagl\u0105daj\u0105c do jego pokoju, zobaczy\u0142 niezwyk\u0142ej pi\u0119kno\u015bci Dzieci\u0119, kt\u00f3re u\u015bmiecha\u0142o si\u0119 i przytula\u0142o do \u015awi\u0119tego. Cho\u0107 hrabia szybko si\u0119 wycofa\u0142, Antoni zorientowa\u0142 si\u0119, \u017ce kto\u015b go ogl\u0105da\u0142, a upewniwszy si\u0119, \u017ce Tiso widzia\u0142 Dzieci\u0105tko, prosi\u0142 go, aby nikomu nie m\u00f3wi\u0142 o tym, co zobaczy\u0142. Kilka lat po \u015bmierci \u015awi\u0119tego hrabia, czuj\u0105c si\u0119 zwolniony z danego przyrzeczenia, opowiedzia\u0142 o tym, co widzia\u0142. Odt\u0105d zacz\u0119to przedstawia\u0107 \u015bw. Antoniego z Dzieci\u0105tkiem.&nbsp;<\/p>\n<p><img decoding=\"async\" loading=\"lazy\" class=\"wp-image-14636 aligncenter\" src=\"http:\/\/elzbieta.org\/wp-content\/uploads\/2020\/09\/Antoni-1-85x300.jpg\" alt=\"\" width=\"175\" height=\"618\"><\/p>\n<p>&nbsp;<\/p>\n<hr>\n<p><span style=\"font-size: 20px; color: #ff0000;\">NIEDZIELA, 20.09.2020<\/span><\/p>\n<p><strong><span style=\"font-family: 'book antiqua', palatino, serif; color: #333399;\">NAJ\u015aWI\u0118TSZA MARYJA PANNA<\/span><\/strong><\/p>\n<p><span style=\"color: #339966;\">Zagadka z Albumu: <span style=\"color: #000000;\">\u015awi\u0119ta ta przedstawiana jest z w\u0119\u017cem pod stop\u0105. Dlaczego?<\/span><\/span><\/p>\n<p><span style=\"color: #ff9900;\">Odpowied\u017a na zagadk\u0119:&nbsp; &nbsp;<\/span><span style=\"color: #000000; font-size: 20px;\">Maryja przedstawiana jest z w\u0119\u017cem pod stop\u0105, gdy\u017c wed\u0142ug s\u0142\u00f3w Pisma \u015awi\u0119tego,&nbsp; jako Matka Zbawiciela, depcze w\u0119\u017ca-szatana.<\/span><\/p>\n<p><img decoding=\"async\" loading=\"lazy\" class=\"wp-image-14586 aligncenter\" src=\"http:\/\/elzbieta.org\/wp-content\/uploads\/2020\/09\/NMP-20200920-213x300.jpg\" alt=\"\" width=\"295\" height=\"416\" srcset=\"http:\/\/elzbieta.org\/wp-content\/uploads\/2020\/09\/NMP-20200920-213x300.jpg 213w, http:\/\/elzbieta.org\/wp-content\/uploads\/2020\/09\/NMP-20200920-768x1082.jpg 768w, http:\/\/elzbieta.org\/wp-content\/uploads\/2020\/09\/NMP-20200920-727x1024.jpg 727w, http:\/\/elzbieta.org\/wp-content\/uploads\/2020\/09\/NMP-20200920.jpg 1241w\" sizes=\"(max-width: 295px) 100vw, 295px\" \/><\/p>\n<hr>\n<p>&nbsp;<\/p>\n<p><span style=\"font-size: 20px; color: #ff0000;\">NIEDZIELA, 13.09.2020<\/span><\/p>\n<p><strong><span style=\"font-family: 'book antiqua', palatino, serif; color: #333399;\">\u015aWI\u0118TY STANIS\u0141AW KOSTKA<\/span><\/strong><\/p>\n<p><span style=\"color: #339966;\">Zagadka z Albumu: <span style=\"color: #000000;\">\u015awi\u0119ty ten pokona\u0142 pieszo bardzo d\u0142ug\u0105 drog\u0119, by doj\u015b\u0107 do celu. Czy wiesz ile kilometr\u00f3w przeszed\u0142?<\/span><\/span><\/p>\n<p><span style=\"color: #ff9900;\">Odpowied\u017a na zagadk\u0119:&nbsp;&nbsp;<\/span>\u015awi\u0119ty Stanis\u0142aw Kostka przeszed\u0142 650 kilometr\u00f3w.<\/p>\n<p><span style=\"color: #000000;\"><span style=\"color: #ff6600;\"><span style=\"color: #3366ff;\">Szerszy opis:&nbsp;<\/span><\/span>O Stanis\u0142awie Kostce:<\/span><\/p>\n<p><img decoding=\"async\" loading=\"lazy\" class=\"wp-image-7971 aligncenter\" src=\"http:\/\/elzbieta.org\/wp-content\/uploads\/2017\/09\/20160914_111441_resized-1-300x232.jpg\" alt=\"\" width=\"438\" height=\"339\" srcset=\"http:\/\/elzbieta.org\/wp-content\/uploads\/2017\/09\/20160914_111441_resized-1-300x232.jpg 300w, http:\/\/elzbieta.org\/wp-content\/uploads\/2017\/09\/20160914_111441_resized-1-768x594.jpg 768w, http:\/\/elzbieta.org\/wp-content\/uploads\/2017\/09\/20160914_111441_resized-1-1024x793.jpg 1024w\" sizes=\"(max-width: 438px) 100vw, 438px\" \/><\/p>\n<p>Witajcie, Kochani! \u017by\u0142em przed wiekami, Tym, co mnie spotka\u0142o, podziel\u0119 si\u0119 z Wami Sp\u00f3jrzcie, to ja w\u0142a\u015bnie, paniczek we dworze, S\u0142u\u017cba mi dogadza, tak, jak tylko mo\u017ce. A ja si\u0119 wymykam w pole z kosiarzami. Jem z nimi ziemniaki polane skwarkami. Wieczorem ku chorym zachodz\u0119 do wioski, Dzieciakom wycieram zasmarkane noski. Gdy si\u0119 tato gniewa, spokojnie t\u0142umacz\u0119, \u017be Pan Jezus przecie\u017c nie uczy\u0142 inaczej. Tak mego dzieci\u0144stwa up\u0142yn\u0119\u0142y lata, Ojciec chcia\u0142 wykszta\u0142ci\u0107 mnie i mego brata.&nbsp;Wys\u0142a\u0142 nas do Wiednia, do wspania\u0142ej szko\u0142y, Zacz\u0119\u0142y si\u0119 dla nas nauki mozo\u0142y. Siedzenie nad ksi\u0105\u017ck\u0105, trud i dyscyplina. \u2013 Stasiu \u2013 j\u0119cza\u0142 Pawe\u0142 \u2013 ja ju\u017c nie wytrzymam. \u0141acina, niemiecki, na dodatek greka! Jak mo\u017cna tak dr\u0119czy\u0107 biednego cz\u0142owieka? \u015ani\u0142y si\u0119 Paw\u0142owi polowania, bale\u2026 Ja o takich rzeczach nie my\u015bla\u0142em wcale. Inna my\u015bl mi ci\u0105gle po g\u0142owie chodzi\u0142a. Dobrych ksi\u0119\u017cy ma\u0142o, a roboty si\u0142a.&nbsp;Nie by\u0142em zbyt mocny, ni zdrowia nie mia\u0142em. Wi\u0119c tak si\u0119 zdarzy\u0142o, \u017ce zachorowa\u0142em. \u2013 Pawe\u0142ku \u2013 b\u0142aga\u0142em \u2013 ksi\u0119dza mi przyprowad\u017a. C\u00f3\u017c z tego \u2013 kap\u0142ana nie wpu\u015bci gospodarz. Ja ledwo ju\u017c \u017cywy, ale pe\u0142en wiary. Modli\u0142em si\u0119 cIcho do \u015awi\u0119tej Barbary. Nagle patrz\u0119 \u2013 idzie! Trzyma z\u0142oty kielich! Komuni\u0119 mi niesie, kl\u0119kajcie anieli! Komunia i wdzi\u0119cznej modlitwy mej si\u0142a. Zaraz mnie z choroby ca\u0142kiem uleczy\u0142a. Wtedy zrozumia\u0142em, \u017ce mam s\u0142u\u017cy\u0107 Bogu. Z t\u0105 my\u015bl\u0105 stan\u0105\u0142em u klasztornych prog\u00f3w.&nbsp;Chcia\u0142em zosta\u0107 mnichem, lecz przysz\u0142y przeszkody. Ojciec na m\u00f3j wyb\u00f3r nie wyrazi\u0142 zgody. Rodzic\u00f3w czci\u0107 trzeba, ale wola Boga By\u0142a dla mnie zawsze ponad wszystko droga. Co mi tam kariera, z\u0142oto i zaszczyty. Moim powo\u0142aniem \u2013 habit jezuity. Ruszy\u0142em do Rzymu cichcem po kryjomu O swojej wyprawie nie m\u00f3wi\u0105c nikomu.&nbsp;<\/p>\n<p><img decoding=\"async\" loading=\"lazy\" class=\"wp-image-7972 aligncenter\" src=\"http:\/\/elzbieta.org\/wp-content\/uploads\/2017\/09\/20160914_111504_resized-192x300.jpg\" alt=\"\" width=\"293\" height=\"458\" srcset=\"http:\/\/elzbieta.org\/wp-content\/uploads\/2017\/09\/20160914_111504_resized-192x300.jpg 192w, http:\/\/elzbieta.org\/wp-content\/uploads\/2017\/09\/20160914_111504_resized-768x1198.jpg 768w, http:\/\/elzbieta.org\/wp-content\/uploads\/2017\/09\/20160914_111504_resized-657x1024.jpg 657w, http:\/\/elzbieta.org\/wp-content\/uploads\/2017\/09\/20160914_111504_resized.jpg 1087w\" sizes=\"(max-width: 293px) 100vw, 293px\" \/><\/p>\n<p>Z przygodnym \u017cebrakiem wymieni\u0142em stroje. Teraz ju\u017c ukryte pochodzenie moje. \u0141achmany na grzbiecie, kij s\u0119katy w d\u0142oni\u2026 Wtem kto\u015b jedzie \u2013 Pawe\u0142 na koniu mnie goni. Nie pozna\u0142 mnie brat m\u00f3j! Grosik jaki\u015b rzuci\u0142, \u0141z\u0119 otar\u0142 ukradkiem i konia zawr\u00f3ci\u0142. Oj, d\u0142ugo by gada\u0107 o mym w\u0119drowaniu. Bywa, \u017ce kosztuje wierno\u015b\u0107 powo\u0142aniu.&nbsp;Wreszcie drzwi klasztorne stan\u0119\u0142y otworem. Ignacy Loyolo, b\u0105d\u017a mi teraz wzorem! Kiedy Pan B\u00f3g wo\u0142a pos\u0142usznym by\u0107 trzeba. Wprost z Rzymu mi przysz\u0142o w\u0119drowa\u0107\u2026 do nieba. Tam si\u0119 zobaczymy, uwierzcie kochani. Jeste\u015bcie do tego wszyscy powo\u0142ani.&nbsp;<\/p>\n<p><img decoding=\"async\" loading=\"lazy\" class=\"wp-image-7973 aligncenter\" src=\"http:\/\/elzbieta.org\/wp-content\/uploads\/2017\/09\/20160914_111536_resized-170x300.jpg\" alt=\"\" width=\"358\" height=\"632\" srcset=\"http:\/\/elzbieta.org\/wp-content\/uploads\/2017\/09\/20160914_111536_resized-170x300.jpg 170w, http:\/\/elzbieta.org\/wp-content\/uploads\/2017\/09\/20160914_111536_resized-768x1358.jpg 768w, http:\/\/elzbieta.org\/wp-content\/uploads\/2017\/09\/20160914_111536_resized-579x1024.jpg 579w, http:\/\/elzbieta.org\/wp-content\/uploads\/2017\/09\/20160914_111536_resized.jpg 951w\" sizes=\"(max-width: 358px) 100vw, 358px\" \/><\/p>\n<p><em>Tekst: Ewa Stadmuller<\/em>&nbsp;<em>Ilustracje: \u0141ukasz Zabdyr<\/em>&nbsp;&nbsp;<\/p>\n<hr>\n<p>&nbsp;<\/p>\n<p><span style=\"font-size: 20px; color: #ff0000;\">NIEDZIELA, 6.09.2020<\/span><\/p>\n<p><strong><span style=\"font-family: 'book antiqua', palatino, serif; color: #333399;\">\u015aWI\u0118TA EL\u017bBIETA<\/span><\/strong><\/p>\n<p><span style=\"color: #339966;\">Zagadka z Albumu: <span style=\"color: #000000;\">\u015awi\u0119ta ta przedstawiana jest z r\u00f3\u017cami. Dlaczego?<\/span><\/span><\/p>\n<p><span style=\"color: #ff9900;\">Odpowied\u017a na zagadk\u0119<\/span>:&nbsp; Wed\u0142ug legendy, El\u017cbiet\u0119 wychodz\u0105c\u0105 z zamku z koszem bu\u0142ek dla biednych spotka\u0142 m\u0105\u017c, a widz\u0105c, \u017ce niesie co\u015b ukrytego pod p\u0142aszczem z ciekawo\u015bci poprosi\u0142, by ods\u0142oni\u0142a p\u0142aszcz. Zamiast bu\u0142ek zobaczy\u0142, pomimo pory zimowej, r\u00f3\u017ce.<\/p>\n<p><img decoding=\"async\" loading=\"lazy\" class=\"wp-image-14438 aligncenter\" src=\"http:\/\/elzbieta.org\/wp-content\/uploads\/2020\/09\/02-Odpust-Irena-Bortkiewicz-SP-109-e1599333395268-300x212.jpg\" alt=\"\" width=\"736\" height=\"520\" srcset=\"http:\/\/elzbieta.org\/wp-content\/uploads\/2020\/09\/02-Odpust-Irena-Bortkiewicz-SP-109-e1599333395268-300x212.jpg 300w, http:\/\/elzbieta.org\/wp-content\/uploads\/2020\/09\/02-Odpust-Irena-Bortkiewicz-SP-109-e1599333395268-768x543.jpg 768w, http:\/\/elzbieta.org\/wp-content\/uploads\/2020\/09\/02-Odpust-Irena-Bortkiewicz-SP-109-e1599333395268-1024x724.jpg 1024w\" sizes=\"(max-width: 736px) 100vw, 736px\" \/><\/p>\n<p>Rys. Irena Bortkiewicz SP 109<\/p>\n","protected":false},"excerpt":{"rendered":"<p>NIEDZIELA, 06.06.2021 \u015aWI\u0118TY MAKSYMILIAN MARIA KOLBE Zagadka z Albumu:&nbsp; Gdzie odda\u0142 \u017cycie za bli\u017aniego ten \u015bwi\u0119ty? Odpowied\u017a na zagadk\u0119:&nbsp; \u015awi\u0119ty Maksymilian odda\u0142 \u017cycie za bli\u017aniego w obozie koncentracyjnym. &nbsp; NIEDZIELA, 30.05.2021 \u015aWI\u0118TY JAN EWANGELISTA Zagadka z Albumu:&nbsp; Jakie s\u0142owa wypowiedzia\u0142 do tego \u015bwi\u0119tego Pan Jezus z krzy\u017ca? Odpowied\u017a na zagadk\u0119:&nbsp; Pan Jezus powiedzia\u0142 do \u015bwi\u0119tego [&hellip;]<\/p>\n","protected":false},"author":2,"featured_media":0,"parent":0,"menu_order":0,"comment_status":"closed","ping_status":"closed","template":"","meta":{"ngg_post_thumbnail":0},"_links":{"self":[{"href":"http:\/\/elzbieta.org\/index.php?rest_route=\/wp\/v2\/pages\/14417"}],"collection":[{"href":"http:\/\/elzbieta.org\/index.php?rest_route=\/wp\/v2\/pages"}],"about":[{"href":"http:\/\/elzbieta.org\/index.php?rest_route=\/wp\/v2\/types\/page"}],"author":[{"embeddable":true,"href":"http:\/\/elzbieta.org\/index.php?rest_route=\/wp\/v2\/users\/2"}],"replies":[{"embeddable":true,"href":"http:\/\/elzbieta.org\/index.php?rest_route=%2Fwp%2Fv2%2Fcomments&post=14417"}],"version-history":[{"count":119,"href":"http:\/\/elzbieta.org\/index.php?rest_route=\/wp\/v2\/pages\/14417\/revisions"}],"predecessor-version":[{"id":16283,"href":"http:\/\/elzbieta.org\/index.php?rest_route=\/wp\/v2\/pages\/14417\/revisions\/16283"}],"wp:attachment":[{"href":"http:\/\/elzbieta.org\/index.php?rest_route=%2Fwp%2Fv2%2Fmedia&parent=14417"}],"curies":[{"name":"wp","href":"https:\/\/api.w.org\/{rel}","templated":true}]}}