{"id":4152,"date":"2016-09-19T17:51:54","date_gmt":"2016-09-19T15:51:54","guid":{"rendered":"http:\/\/elzbieta.org\/?page_id=4152"},"modified":"2022-03-06T11:53:16","modified_gmt":"2022-03-06T10:53:16","slug":"neokatechumenat","status":"publish","type":"page","link":"http:\/\/elzbieta.org\/?page_id=4152","title":{"rendered":"Neokatechumenat"},"content":{"rendered":"<p><span style=\"font-family: arial, helvetica, sans-serif;\"><img decoding=\"async\" loading=\"lazy\" class=\"aligncenter wp-image-542 size-full\" src=\"http:\/\/elzbieta.org\/wp-content\/uploads\/2016\/03\/pantokrator2.jpg\" alt=\"Iconos Camino Neocatecumenal http:\/\/www.cruzgloriosa.org\/iconos La D\u00e9esis (en griego, \u03b4\u03ad\u03b7\u03c3\u03b9\u03c2), &quot;plegaria&quot; o &quot;s\u00faplica&quot;, es una representaci\u00f3n iconogr\u00e1fica tradicional de Cristo en Majestad o Cristo Pantocr\u00e1tor entronizado, llevando un libro y flanqueado por la Virgen Mar\u00eda y San Juan Bautista, acompa\u00f1ado a veces por \u00e1ngeles y santos. En otras ocasiones, tambi\u00e9n se representa a Cristo en la Cruz, pero siempre acompa\u00f1ado de su Madre y de San Juan Bautista. Tanto la Virgen Mar\u00eda como San Juan Bautista y los otros personajes tienen sus rostros mirando a Cristo y muestran las palmas de sus manos. En la iconograf\u00eda sagrada, cuando las manos aparecen mostrando sus palmas simboliza una s\u00faplica, una oraci\u00f3n. Cuando un mendigo nos solicita una ayuda siempre lo har\u00e1 mostrando la palma de su mano extendida. Todos los personajes est\u00e1n por tanto, intercediendo por toda la humanidad, ante Cristo, Juez de vivos y muertos. Este icono tiene su origen en el arte Bizantino y posteriormente fue pintado en el Rom\u00e1nico, G\u00f3tico y en el Ortodoxo. Podemos encontrarlo representado no s\u00f3lo en las portadas de las iglesias sino que tambi\u00e9n se utiliza en mosaicos, pinturas o eborarias.\" width=\"919\" height=\"400\" srcset=\"http:\/\/elzbieta.org\/wp-content\/uploads\/2016\/03\/pantokrator2.jpg 919w, http:\/\/elzbieta.org\/wp-content\/uploads\/2016\/03\/pantokrator2-300x131.jpg 300w, http:\/\/elzbieta.org\/wp-content\/uploads\/2016\/03\/pantokrator2-768x334.jpg 768w\" sizes=\"(max-width: 919px) 100vw, 919px\" \/><\/span><\/p>\n<h4><span style=\"font-family: arial, helvetica, sans-serif;\">Droga Neokatechumenalna<\/span><\/h4>\n<ol>\n<li><span style=\"font-family: arial, helvetica, sans-serif;\"><a href=\"#O\">Czym jest Droga Neokatechumenalna?<\/a><\/span><\/li>\n<li><span style=\"font-family: arial, helvetica, sans-serif;\"><a href=\"#Nasza\">Droga w naszej Parafii<\/a><\/span><\/li>\n<li><span style=\"font-family: arial, helvetica, sans-serif;\"><a href=\"#Jak\">Jak wst\u0105pi\u0107 do wsp\u00f3lnoty? <\/a><\/span><\/li>\n<\/ol>\n<p><span style=\"font-family: arial, helvetica, sans-serif;\"><a name=\"O\"><\/a><\/span><br \/>\n<span style=\"font-family: arial, helvetica, sans-serif;\"> W pierwotnym Ko\u015bciele, kiedy \u015bwiat by\u0142 poga\u0144ski, ten, kto chcia\u0142 zosta\u0107 chrze\u015bcijaninem, musia\u0142 rozpocz\u0105\u0107 \u201ekatechumenat\u201d, b\u0119d\u0105cy itinerarium formacji przygotowuj\u0105cej do<strong> Chrztu<\/strong>. Dzi\u015b proces sekularyzacji doprowadzi\u0142 wiele os\u00f3b do porzucenia wiary i Ko\u015bcio\u0142a. St\u0105d konieczne jest itinerarium formacji do chrze\u015bcija\u0144stwa.<\/span><\/p>\n<p><span style=\"font-family: arial, helvetica, sans-serif;\">Droga Neokatechumenalna nie jest ruchem, czy stowarzyszeniem, lecz narz\u0119dziem w \u0142onie parafii, by na nowo przywie\u015b\u0107 do wiary ludzi, kt\u00f3rzy j\u0105 porzucili.<\/span><\/p>\n<p><span style=\"font-family: arial, helvetica, sans-serif;\">Zapocz\u0105tkowana w latach sze\u015b\u0107dziesi\u0105tych w jednym z ubogich przedmie\u015b\u0107 Madrytu, przez Kiko Arg\u00fcello i Carmen Hern\u00e1ndez, zosta\u0142a poparta przez arcybiskupa Madrytu Casimiro Morcillo, kt\u00f3ry dostrzeg\u0142 w tej pierwszej grupie rzeczywiste odkrycie S\u0142owa Bo\u017cego i praktyczn\u0105 realizacj\u0119 odnowy liturgicznej, wprowadzanej w\u00f3wczas przez Sob\u00f3r.<\/span><\/p>\n<p><span style=\"font-family: arial, helvetica, sans-serif;\">Wzi\u0105wszy pod uwag\u0119 pozytywne do\u015bwiadczenie w parafiach Madrytu i Rzymu, w 1974r. Kongregacja Kultu Bo\u017cego okre\u015bli\u0142a to do\u015bwiadczenie mianem \u201eDrogi Neokatechumenalnej\u201d.<\/span><\/p>\n<p><span style=\"font-family: arial, helvetica, sans-serif;\">Chodzi o drog\u0119 nawr\u00f3cenia, poprzez kt\u00f3r\u0105 odkry\u0107 mo\u017cna bogactwo Chrztu.<\/span><\/p>\n<p><span style=\"font-family: arial, helvetica, sans-serif;\">Droga rozprzestrzeni\u0142a si\u0119 na ponad 900 diecezji w 105 krajach, gdzie w 6 000 parafii istnieje 20 000 wsp\u00f3lnot.<\/span><\/p>\n<p><span style=\"font-family: arial, helvetica, sans-serif;\">W 1987r. w Rzymie otwarto Misyjne Mi\u0119dzynarodowe Seminarium \u201eRedemptoris Mater\u201d, przyjmuj\u0105ce m\u0142odzie\u0144c\u00f3w, kt\u00f3rych powo\u0142anie dojrzewa we wsp\u00f3lnocie Neokatechumenalnej i kt\u00f3rzy gotowi s\u0105 p\u00f3j\u015b\u0107 na ca\u0142y \u015bwiat. W konsekwencji wielu biskup\u00f3w przej\u0119\u0142o rzymskie do\u015bwiadczenie i dzi\u015b w \u015bwiecie istnieje ponad 110 diecezjalnych misyjnych seminari\u00f3w &#8220;Redemptoris Mater&#8221;, w kt\u00f3rych formuje si\u0119 kilka tysi\u0119cy seminarzyst\u00f3w.<\/span><\/p>\n<p><span style=\"font-family: arial, helvetica, sans-serif;\">W odpowiedzi na wezwanie papie\u017ca Jana Paw\u0142a II do nowej ewangelizacji, wiele rodzin, kt\u00f3re przesz\u0142y ju\u017c Drog\u0119, ofiarowa\u0142o si\u0119 do pomocy w dziele misyjnym Ko\u015bcio\u0142a i przeprowadzi\u0142o si\u0119 do najbardziej ze\u015bwiecczonych i zdechrystianizowanych obszar\u00f3w \u015bwiata, przygotowuj\u0105c powstanie nowych parafii misyjnych.<\/span><\/p>\n<p><span style=\"font-family: arial, helvetica, sans-serif;\">Droga neokatechumenalna opiera si\u0119 na tr\u00f3jnogu, kt\u00f3ry stanowi\u0105:&nbsp;<strong>S\u0142owo Bo\u017ce, Eucharystia i&nbsp;wsp\u00f3lnota.<\/strong> Neokatechumenat zosta\u0142 pomy\u015blany na&nbsp;wz\u00f3r katechumenatu, jaki w&nbsp;istnia\u0142 w&nbsp;Ko\u015bciele pierwszych wiek\u00f3w. Koncentruje si\u0119 on na&nbsp;sakramencie chrztu oraz&nbsp;na jego skutkach, a&nbsp;dzia\u0142a poprzez serie wyra\u017anie wyodr\u0119bnionych etap\u00f3w.<\/span><\/p>\n<p><a href=\"http:\/\/www.camminoneocatecumenale.it\/\">Oficjalna strona www Wsp\u00f3lnot Neokatechumenalnych<\/a><\/p>\n<p>&nbsp;<\/p>\n<p><span style=\"font-family: arial, helvetica, sans-serif;\"><strong><span style=\"font-size: 20px;\">Droga w naszej Parafii<\/span><\/strong><\/span><\/p>\n<p><span style=\"font-family: arial, helvetica, sans-serif;\">Pierwsza wsp\u00f3lnota w naszej parafii zosta\u0142a za\u0142o\u017cona w 1984 roku przez katechist\u00f3w z Lublina. Obecnie w naszej parafii jest 7 wsp\u00f3lnot.<br \/>\n<\/span><span style=\"font-family: arial, helvetica, sans-serif;\">1 wsp\u00f3lnota &#8211; sko\u0144czy\u0142a ju\u017c etapy Drogi,<br \/>\n<\/span><span style=\"font-family: arial, helvetica, sans-serif;\">2 wsp\u00f3lnota &#8211; sko\u0144czy\u0142a ju\u017c etapy Drogi,<br \/>\n<\/span><span style=\"font-family: arial, helvetica, sans-serif;\">3 wsp\u00f3lnota &#8211; etap Ojcze Nasz,<br \/>\n<\/span><span style=\"font-family: arial, helvetica, sans-serif;\">4 wsp\u00f3lnota &#8211; etap Traditio,<br \/>\n<\/span><span style=\"font-family: arial, helvetica, sans-serif;\">5 wsp\u00f3lnota &#8211; etap 2 scrutinium,<br \/>\n<\/span><span style=\"font-family: arial, helvetica, sans-serif;\">6 wsp\u00f3lnota &#8211; etap 1 scrutinium<br \/>\n7&nbsp;wsp\u00f3lnota &#8211;&nbsp;pre-katechumenat<\/span><\/p>\n<p><strong>Kontakt:&nbsp;<br \/>\n<\/strong>tel. 530-687-328<br \/>\ne-mail: <a href=\"mailto:neo.swelzbieta@gmail.com\">neo.swelzbieta@gmail.com<\/a><br \/>\n<span style=\"font-family: arial, helvetica, sans-serif;\"> <a name=\"Jak\"><\/a><\/span><br \/>\n<span style=\"font-family: arial, helvetica, sans-serif;\"> <strong><span style=\"font-size: 20px;\">Jak wst\u0105pi\u0107 do wsp\u00f3lnoty?<\/span><\/strong><\/span><\/p>\n<p><span style=\"font-family: arial, helvetica, sans-serif;\">Aby wst\u0105pi\u0107&nbsp;do wsp\u00f3lnoty nale\u017cy uczestniczy\u0107 w katechezach zwiastowania.&nbsp;<\/span><span style=\"font-family: arial, helvetica, sans-serif;\">Katechezy ko\u0144cz\u0105 si\u0119 wyjazdowymi dniami skupienia tzw. konwiwencj\u0105 (pi\u0105tek wiecz\u00f3r &#8211; niedziela po\u0142udnie). <\/span><span style=\"font-family: arial, helvetica, sans-serif;\">Zapraszamy!&nbsp;<\/span><\/p>\n","protected":false},"excerpt":{"rendered":"<p>Droga Neokatechumenalna Czym jest Droga Neokatechumenalna? Droga w naszej Parafii Jak wst\u0105pi\u0107 do wsp\u00f3lnoty? W pierwotnym Ko\u015bciele, kiedy \u015bwiat by\u0142 poga\u0144ski, ten, kto chcia\u0142 zosta\u0107 chrze\u015bcijaninem, musia\u0142 rozpocz\u0105\u0107 \u201ekatechumenat\u201d, b\u0119d\u0105cy itinerarium formacji przygotowuj\u0105cej do Chrztu. Dzi\u015b proces sekularyzacji doprowadzi\u0142 wiele os\u00f3b do porzucenia wiary i Ko\u015bcio\u0142a. St\u0105d konieczne jest itinerarium formacji do chrze\u015bcija\u0144stwa. Droga Neokatechumenalna [&hellip;]<\/p>\n","protected":false},"author":1,"featured_media":0,"parent":0,"menu_order":0,"comment_status":"closed","ping_status":"closed","template":"","meta":{"ngg_post_thumbnail":0},"_links":{"self":[{"href":"http:\/\/elzbieta.org\/index.php?rest_route=\/wp\/v2\/pages\/4152"}],"collection":[{"href":"http:\/\/elzbieta.org\/index.php?rest_route=\/wp\/v2\/pages"}],"about":[{"href":"http:\/\/elzbieta.org\/index.php?rest_route=\/wp\/v2\/types\/page"}],"author":[{"embeddable":true,"href":"http:\/\/elzbieta.org\/index.php?rest_route=\/wp\/v2\/users\/1"}],"replies":[{"embeddable":true,"href":"http:\/\/elzbieta.org\/index.php?rest_route=%2Fwp%2Fv2%2Fcomments&post=4152"}],"version-history":[{"count":7,"href":"http:\/\/elzbieta.org\/index.php?rest_route=\/wp\/v2\/pages\/4152\/revisions"}],"predecessor-version":[{"id":16695,"href":"http:\/\/elzbieta.org\/index.php?rest_route=\/wp\/v2\/pages\/4152\/revisions\/16695"}],"wp:attachment":[{"href":"http:\/\/elzbieta.org\/index.php?rest_route=%2Fwp%2Fv2%2Fmedia&parent=4152"}],"curies":[{"name":"wp","href":"https:\/\/api.w.org\/{rel}","templated":true}]}}